{"id":68180,"date":"2020-01-20T12:40:12","date_gmt":"2020-01-20T12:40:12","guid":{"rendered":"http:\/\/compareplanodesaude.com.br\/amil\/?page_id=68180"},"modified":"2023-03-16T19:40:22","modified_gmt":"2023-03-16T19:40:22","slug":"amil-s450","status":"publish","type":"page","link":"https:\/\/compareplanodesaude.com.br\/amil\/amil-s450\/","title":{"rendered":"Plano Amil S450"},"content":{"rendered":"\t\t<div data-elementor-type=\"wp-page\" data-elementor-id=\"68180\" class=\"elementor elementor-68180\" data-elementor-post-type=\"page\">\n\t\t\t\t\t\t<section class=\"elementor-section elementor-top-section elementor-element elementor-element-714c953c elementor-section-boxed elementor-section-height-default elementor-section-height-default\" data-id=\"714c953c\" data-element_type=\"section\" data-settings=\"{&quot;background_background&quot;:&quot;classic&quot;}\">\n\t\t\t\t\t\t\t<div class=\"elementor-background-overlay\"><\/div>\n\t\t\t\t\t\t\t<div class=\"elementor-container elementor-column-gap-default\">\n\t\t\t\t\t<div class=\"elementor-column elementor-col-50 elementor-top-column elementor-element elementor-element-3173f20f\" data-id=\"3173f20f\" data-element_type=\"column\">\n\t\t\t<div class=\"elementor-widget-wrap elementor-element-populated\">\n\t\t\t\t\t\t<div class=\"elementor-element elementor-element-58141b80 elementor-widget elementor-widget-heading\" data-id=\"58141b80\" data-element_type=\"widget\" data-widget_type=\"heading.default\">\n\t\t\t\t<div class=\"elementor-widget-container\">\n\t\t\t\t\t<h1 class=\"elementor-heading-title elementor-size-default\">Amil S450: O custo-benef\u00edcio que a sua empresa buscava<\/h1>\t\t\t\t<\/div>\n\t\t\t\t<\/div>\n\t\t\t\t<div class=\"elementor-element elementor-element-4295683b elementor-widget elementor-widget-text-editor\" data-id=\"4295683b\" data-element_type=\"widget\" data-widget_type=\"text-editor.default\">\n\t\t\t\t<div class=\"elementor-widget-container\">\n\t\t\t\t\t\t\t\t\t<p><span style=\"font-weight: 400;\">Neste post, voc\u00ea conhecer\u00e1 tudo sobre o plano <\/span><b>Amil S450,<\/b><span style=\"font-weight: 400;\"> desde seus benef\u00edcios, coberturas, car\u00eancias, pre\u00e7os e demais informa\u00e7\u00f5es importantes. Ao final do texto, voc\u00ea tamb\u00e9m descobrir\u00e1 como economizar no seu plano!<\/span><\/p><p><span style=\"font-weight: 400;\">O plano de sa\u00fade Amil S450 \u00e9 um dos produtos com melhor custo-benef\u00edcio da operadora. Atualmente, os conv\u00eanios m\u00e9dicos da Amil s\u00e3o conhecidos em todo o Brasil como excelentes, e isso n\u00e3o \u00e9 por acaso!<\/span><\/p><p><span style=\"font-weight: 400;\">Ficou interessado? Contratando com a Compare, voc\u00ea garante um <\/span><b>desconto especial de 50%<\/b><span style=\"font-weight: 400;\"> na sua primeira mensalidade. Aproveite!<\/span><\/p>\t\t\t\t\t\t\t\t<\/div>\n\t\t\t\t<\/div>\n\t\t\t\t<div class=\"elementor-element elementor-element-2809d78f elementor-align-justify elementor-widget elementor-widget-button\" data-id=\"2809d78f\" data-element_type=\"widget\" data-widget_type=\"button.default\">\n\t\t\t\t<div class=\"elementor-widget-container\">\n\t\t\t\t\t\t\t\t\t<div class=\"elementor-button-wrapper\">\n\t\t\t\t\t<a class=\"elementor-button elementor-button-link elementor-size-sm\" href=\"\/amil\/cotacao-online\/\">\n\t\t\t\t\t\t<span class=\"elementor-button-content-wrapper\">\n\t\t\t\t\t\t\t\t\t<span class=\"elementor-button-text\">Cota\u00e7\u00e3o Online com at\u00e9 50% de Desconto<\/span>\n\t\t\t\t\t<\/span>\n\t\t\t\t\t<\/a>\n\t\t\t\t<\/div>\n\t\t\t\t\t\t\t\t<\/div>\n\t\t\t\t<\/div>\n\t\t\t\t\t<\/div>\n\t\t<\/div>\n\t\t\t\t<div class=\"elementor-column elementor-col-50 elementor-top-column elementor-element elementor-element-783aa465\" data-id=\"783aa465\" data-element_type=\"column\">\n\t\t\t<div class=\"elementor-widget-wrap elementor-element-populated\">\n\t\t\t\t\t\t<div class=\"elementor-element elementor-element-28a8a7fa desconto-form elementor-widget elementor-widget-wpforms\" data-id=\"28a8a7fa\" data-element_type=\"widget\" data-widget_type=\"wpforms.default\">\n\t\t\t\t<div class=\"elementor-widget-container\">\n\t\t\t\t\t<div class=\"wpforms-container wpforms-container-full wpforms-form-abandonment\" id=\"wpforms-65936\"><form id=\"wpforms-form-65936\" class=\"wpforms-validate wpforms-form\" data-formid=\"65936\" method=\"post\" enctype=\"multipart\/form-data\" action=\"\/amil\/wp-json\/wp\/v2\/pages\/68180\" data-token=\"931714c6cf75462de99e850fd0048dba\" data-token-time=\"1777441890\"><div class=\"wpforms-head-container\"><div class=\"wpforms-title\">Garanta o seu Desconto de at\u00e9 40%<\/div><\/div><noscript class=\"wpforms-error-noscript\">Ative o JavaScript no seu navegador para preencher este formul\u00e1rio.<\/noscript><div class=\"wpforms-field-container\"><div id=\"wpforms-65936-field_16-container\" class=\"wpforms-field wpforms-field-text\" data-field-id=\"16\"><label class=\"wpforms-field-label wpforms-label-hide\" for=\"wpforms-65936-field_16\">Nome <span class=\"wpforms-required-label\">*<\/span><\/label><input type=\"text\" id=\"wpforms-65936-field_16\" class=\"wpforms-field-large wpforms-field-required\" name=\"wpforms[fields][16]\" placeholder=\"Insira seu nome\" required><\/div><div id=\"wpforms-65936-field_2-container\" class=\"wpforms-field wpforms-field-email\" data-field-id=\"2\"><label class=\"wpforms-field-label wpforms-label-hide\" for=\"wpforms-65936-field_2\">E-mail <span class=\"wpforms-required-label\">*<\/span><\/label><input type=\"email\" id=\"wpforms-65936-field_2\" class=\"wpforms-field-large wpforms-field-required\" name=\"wpforms[fields][2]\" placeholder=\"Insira seu E-mail\" spellcheck=\"false\" required><\/div><div id=\"wpforms-65936-field_6-container\" class=\"wpforms-field wpforms-field-text\" data-field-id=\"6\"><label class=\"wpforms-field-label wpforms-label-hide\" for=\"wpforms-65936-field_6\">Celular <span class=\"wpforms-required-label\">*<\/span><\/label><input type=\"text\" id=\"wpforms-65936-field_6\" class=\"wpforms-field-large wpforms-field-required wpforms-masked-input\" data-rule-inputmask-incomplete=\"1\" data-inputmask-mask=\"((99) 9999-9999[9][9][9]|+99 999999-999[9][9][9])\" name=\"wpforms[fields][6]\" placeholder=\"Celular com (DDD)\" required><\/div><div id=\"wpforms-65936-field_22-container\" class=\"wpforms-field wpforms-field-html textGarantaP\" data-field-id=\"22\"><div id=\"wpforms-65936-field_22\">Escolha o tipo do plano<\/div><\/div><div id=\"wpforms-65936-field_13-container\" class=\"wpforms-field wpforms-field-select wpforms-conditional-trigger wpforms-field-select-style-classic\" data-field-id=\"13\"><label class=\"wpforms-field-label wpforms-label-hide\" for=\"wpforms-65936-field_13\">Tipo do plano <span class=\"wpforms-required-label\">*<\/span><\/label><select id=\"wpforms-65936-field_13\" class=\"wpforms-field-large wpforms-field-required\" name=\"wpforms[fields][13]\" required=\"required\"><option value=\"\" class=\"placeholder\" disabled  selected='selected'>Tipo de Plano<\/option><option value=\"Individual\"  class=\"choice-1 depth-1\"  >Individual<\/option><option value=\"MEI\"  class=\"choice-5 depth-1\"  >MEI<\/option><option value=\"Empresarial\"  class=\"choice-4 depth-1\"  >Empresarial<\/option><option value=\"Familiar\"  class=\"choice-3 depth-1\"  >Familiar<\/option><option value=\"S\u00eanior\"  class=\"choice-2 depth-1\"  >S\u00eanior<\/option><\/select><\/div><div id=\"wpforms-65936-field_17-container\" class=\"wpforms-field wpforms-field-html textAvisoCNPJ wpforms-conditional-field wpforms-conditional-show\" data-field-id=\"17\" style=\"display:none;\"><div id=\"wpforms-65936-field_17\"><p>Possu\u00ed CNPJ? Economize at\u00e9 40% e acesse os melhores planos de sa\u00fade!<\/p><\/div><\/div><div id=\"wpforms-65936-field_18-container\" class=\"wpforms-field wpforms-field-radio wpforms-list-inline wpforms-conditional-field wpforms-conditional-show\" data-field-id=\"18\" style=\"display:none;\"><label class=\"wpforms-field-label wpforms-label-hide\">Possui CNPJ? <span class=\"wpforms-required-label\">*<\/span><\/label><ul id=\"wpforms-65936-field_18\" class=\"wpforms-field-required\"><li class=\"choice-1 depth-1\"><input type=\"radio\" id=\"wpforms-65936-field_18_1\" name=\"wpforms[fields][18]\" value=\"Sim\" required ><label class=\"wpforms-field-label-inline\" for=\"wpforms-65936-field_18_1\">Sim<\/label><\/li><li class=\"choice-2 depth-1\"><input type=\"radio\" id=\"wpforms-65936-field_18_2\" name=\"wpforms[fields][18]\" value=\"N\u00e3o\" required ><label class=\"wpforms-field-label-inline\" for=\"wpforms-65936-field_18_2\">N\u00e3o<\/label><\/li><\/ul><\/div>\t\t<div id=\"wpforms-65936-field_1-container\"\n\t\t\tclass=\"wpforms-field wpforms-field-text\"\n\t\t\tdata-field-type=\"text\"\n\t\t\tdata-field-id=\"1\"\n\t\t\t>\n\t\t\t<label class=\"wpforms-field-label\" for=\"wpforms-65936-field_1\" >CNPJ? plano Valor<\/label>\n\t\t\t<input type=\"text\" id=\"wpforms-65936-field_1\" class=\"wpforms-field-medium\" name=\"wpforms[fields][1]\" >\n\t\t<\/div>\n\t\t<div id=\"wpforms-65936-field_20-container\" class=\"wpforms-field wpforms-field-html textGarantaP\" data-field-id=\"20\"><div id=\"wpforms-65936-field_20\">Quanto deseja investir por m\u00eas no seu conv\u00eanio?<\/div><\/div><div id=\"wpforms-65936-field_19-container\" class=\"wpforms-field wpforms-field-text\" data-field-id=\"19\"><label class=\"wpforms-field-label wpforms-label-hide\" for=\"wpforms-65936-field_19\">Valor mensal pretendido <span class=\"wpforms-required-label\">*<\/span><\/label><input type=\"text\" id=\"wpforms-65936-field_19\" class=\"wpforms-field-large wpforms-field-required wpforms-masked-input\" data-rule-inputmask-incomplete=\"1\" data-inputmask-mask=\"R$9[9][9][9][9][9][9],00\" name=\"wpforms[fields][19]\" placeholder=\"Insira o valor por m\u00eas\" required><\/div><div id=\"wpforms-65936-field_21-container\" class=\"wpforms-field wpforms-field-html textTermos\" data-field-id=\"21\"><div id=\"wpforms-65936-field_21\">Ao continuar, voc\u00ea aceita os <a href=\"https:\/\/compareplanodesaude.com.br\/politica-de-privacidade\" target=\"_blank\" style=\"color: #fff; text-decoration: underline;\">Termos e Condi\u00e7\u00f5es.<\/a><\/div><\/div><script>\n\t\t\t\t( function() {\n\t\t\t\t\tconst style = document.createElement( 'style' );\n\t\t\t\t\tstyle.appendChild( document.createTextNode( '#wpforms-65936-field_1-container { position: absolute !important; overflow: hidden !important; display: inline !important; height: 1px !important; width: 1px !important; z-index: -1000 !important; padding: 0 !important; } #wpforms-65936-field_1-container input { visibility: hidden; } #wpforms-conversational-form-page #wpforms-65936-field_1-container label { counter-increment: none; }' ) );\n\t\t\t\t\tdocument.head.appendChild( style );\n\t\t\t\t\tdocument.currentScript?.remove();\n\t\t\t\t} )();\n\t\t\t<\/script><\/div><!-- .wpforms-field-container --><div class=\"wpforms-submit-container\" ><input type=\"hidden\" name=\"wpforms[id]\" value=\"65936\"><input type=\"hidden\" name=\"page_title\" value=\"\"><input type=\"hidden\" name=\"page_url\" value=\"https:\/\/compareplanodesaude.com.br\/amil\/wp-json\/wp\/v2\/pages\/68180\"><input type=\"hidden\" name=\"url_referer\" value=\"\"><button type=\"submit\" name=\"wpforms[submit]\" id=\"wpforms-submit-65936\" class=\"wpforms-submit\" data-alt-text=\"Solicitando...\" data-submit-text=\"Garanta seu desconto\" aria-live=\"assertive\" value=\"wpforms-submit\">Garanta seu desconto<\/button><\/div><\/form><\/div>  <!-- .wpforms-container -->\t\t\t\t<\/div>\n\t\t\t\t<\/div>\n\t\t\t\t\t<\/div>\n\t\t<\/div>\n\t\t\t\t\t<\/div>\n\t\t<\/section>\n\t\t\t\t<section class=\"elementor-section elementor-top-section elementor-element elementor-element-6634c769 elementor-section-boxed elementor-section-height-default elementor-section-height-default\" data-id=\"6634c769\" data-element_type=\"section\">\n\t\t\t\t\t\t<div class=\"elementor-container elementor-column-gap-default\">\n\t\t\t\t\t<div class=\"elementor-column elementor-col-33 elementor-top-column elementor-element elementor-element-1ec2299a\" data-id=\"1ec2299a\" data-element_type=\"column\">\n\t\t\t<div class=\"elementor-widget-wrap elementor-element-populated\">\n\t\t\t\t\t\t<section class=\"elementor-section elementor-inner-section elementor-element elementor-element-57b17042 indiceitem elementor-hidden-tablet elementor-hidden-mobile elementor-section-boxed elementor-section-height-default elementor-section-height-default\" data-id=\"57b17042\" data-element_type=\"section\">\n\t\t\t\t\t\t<div class=\"elementor-container elementor-column-gap-default\">\n\t\t\t\t\t<div class=\"elementor-column elementor-col-100 elementor-inner-column elementor-element elementor-element-66a1a2e1\" data-id=\"66a1a2e1\" data-element_type=\"column\">\n\t\t\t<div class=\"elementor-widget-wrap elementor-element-populated\">\n\t\t\t\t\t\t<div class=\"elementor-element elementor-element-7c19e04 elementor-widget elementor-widget-table-of-contents\" data-id=\"7c19e04\" data-element_type=\"widget\" data-settings=\"{&quot;headings_by_tags&quot;:[&quot;h2&quot;],&quot;exclude_headings_by_selector&quot;:[],&quot;marker_view&quot;:&quot;numbers&quot;,&quot;no_headings_message&quot;:&quot;N\\u00e3o foram encontrados cabe\\u00e7alhos nesta p\\u00e1gina.&quot;,&quot;hierarchical_view&quot;:&quot;yes&quot;,&quot;min_height&quot;:{&quot;unit&quot;:&quot;px&quot;,&quot;size&quot;:&quot;&quot;,&quot;sizes&quot;:[]},&quot;min_height_tablet&quot;:{&quot;unit&quot;:&quot;px&quot;,&quot;size&quot;:&quot;&quot;,&quot;sizes&quot;:[]},&quot;min_height_mobile&quot;:{&quot;unit&quot;:&quot;px&quot;,&quot;size&quot;:&quot;&quot;,&quot;sizes&quot;:[]}}\" data-widget_type=\"table-of-contents.default\">\n\t\t\t\t<div class=\"elementor-widget-container\">\n\t\t\t\t\t\t\t\t\t<div class=\"elementor-toc__header\">\n\t\t\t\t\t\t<h4 class=\"elementor-toc__header-title\">\n\t\t\t\tSum\u00e1rio\t\t\t<\/h4>\n\t\t\t\t\t\t\t\t<\/div>\n\t\t\t\t<div id=\"elementor-toc__7c19e04\" class=\"elementor-toc__body\">\n\t\t\t<div class=\"elementor-toc__spinner-container\">\n\t\t\t\t<svg class=\"elementor-toc__spinner eicon-animation-spin e-font-icon-svg e-eicon-loading\" aria-hidden=\"true\" viewBox=\"0 0 1000 1000\" xmlns=\"http:\/\/www.w3.org\/2000\/svg\"><path d=\"M500 975V858C696 858 858 696 858 500S696 142 500 142 142 304 142 500H25C25 237 238 25 500 25S975 237 975 500 763 975 500 975Z\"><\/path><\/svg>\t\t\t<\/div>\n\t\t<\/div>\n\t\t\t\t\t\t<\/div>\n\t\t\t\t<\/div>\n\t\t\t\t<div class=\"elementor-element elementor-element-18f0dbf5 elementor-align-justify elementor-widget elementor-widget-button\" data-id=\"18f0dbf5\" data-element_type=\"widget\" data-widget_type=\"button.default\">\n\t\t\t\t<div class=\"elementor-widget-container\">\n\t\t\t\t\t\t\t\t\t<div class=\"elementor-button-wrapper\">\n\t\t\t\t\t<a class=\"elementor-button elementor-button-link elementor-size-sm\" href=\"https:\/\/web.whatsapp.com\/send?phone=5511955913910\">\n\t\t\t\t\t\t<span class=\"elementor-button-content-wrapper\">\n\t\t\t\t\t\t<span class=\"elementor-button-icon\">\n\t\t\t\t<svg xmlns=\"http:\/\/www.w3.org\/2000\/svg\" aria-hidden=\"true\" data-prefix=\"fab\" data-icon=\"whatsapp\" class=\"svg-inline--fa fa-whatsapp fa-w-14\" viewBox=\"0 0 448 512\"><path fill=\"currentColor\" d=\"M380.9 97.1C339 55.1 283.2 32 223.9 32c-122.4 0-222 99.6-222 222 0 39.1 10.2 77.3 29.6 111L0 480l117.7-30.9c32.4 17.7 68.9 27 106.1 27h.1c122.3 0 224.1-99.6 224.1-222 0-59.3-25.2-115-67.1-157zm-157 341.6c-33.2 0-65.7-8.9-94-25.7l-6.7-4-69.8 18.3L72 359.2l-4.4-7c-18.5-29.4-28.2-63.3-28.2-98.2 0-101.7 82.8-184.5 184.6-184.5 49.3 0 95.6 19.2 130.4 54.1 34.8 34.9 56.2 81.2 56.1 130.5 0 101.8-84.9 184.6-186.6 184.6zm101.2-138.2c-5.5-2.8-32.8-16.2-37.9-18-5.1-1.9-8.8-2.8-12.5 2.8-3.7 5.6-14.3 18-17.6 21.8-3.2 3.7-6.5 4.2-12 1.4-32.6-16.3-54-29.1-75.5-66-5.7-9.8 5.7-9.1 16.3-30.3 1.8-3.7.9-6.9-.5-9.7-1.4-2.8-12.5-30.1-17.1-41.2-4.5-10.8-9.1-9.3-12.5-9.5-3.2-.2-6.9-.2-10.6-.2-3.7 0-9.7 1.4-14.8 6.9-5.1 5.6-19.4 19-19.4 46.3 0 27.3 19.9 53.7 22.6 57.4 2.8 3.7 39.1 59.7 94.8 83.8 35.2 15.2 49 16.5 66.6 13.9 10.7-1.6 32.8-13.4 37.4-26.4 4.6-13 4.6-24.1 3.2-26.4-1.3-2.5-5-3.9-10.5-6.6z\"><\/path><\/svg>\t\t\t<\/span>\n\t\t\t\t\t\t\t\t\t<span class=\"elementor-button-text\">Whatsapp<\/span>\n\t\t\t\t\t<\/span>\n\t\t\t\t\t<\/a>\n\t\t\t\t<\/div>\n\t\t\t\t\t\t\t\t<\/div>\n\t\t\t\t<\/div>\n\t\t\t\t<div class=\"elementor-element elementor-element-4625727b elementor-align-justify elementor-widget__width-inherit elementor-widget elementor-widget-button\" data-id=\"4625727b\" data-element_type=\"widget\" data-widget_type=\"button.default\">\n\t\t\t\t<div class=\"elementor-widget-container\">\n\t\t\t\t\t\t\t\t\t<div class=\"elementor-button-wrapper\">\n\t\t\t\t\t<a class=\"elementor-button elementor-button-link elementor-size-sm\" href=\"\/amil\/cotacao-online\/\">\n\t\t\t\t\t\t<span class=\"elementor-button-content-wrapper\">\n\t\t\t\t\t\t\t\t\t<span class=\"elementor-button-text\">Cota\u00e7\u00e3o Online<\/span>\n\t\t\t\t\t<\/span>\n\t\t\t\t\t<\/a>\n\t\t\t\t<\/div>\n\t\t\t\t\t\t\t\t<\/div>\n\t\t\t\t<\/div>\n\t\t\t\t\t<\/div>\n\t\t<\/div>\n\t\t\t\t\t<\/div>\n\t\t<\/section>\n\t\t\t\t\t<\/div>\n\t\t<\/div>\n\t\t\t\t<div class=\"elementor-column elementor-col-33 elementor-top-column elementor-element elementor-element-73e36a2f\" data-id=\"73e36a2f\" data-element_type=\"column\">\n\t\t\t<div class=\"elementor-widget-wrap elementor-element-populated\">\n\t\t\t\t\t\t<div class=\"elementor-element elementor-element-216fcaa2 indiceitem elementor-hidden-desktop elementor-widget elementor-widget-html\" data-id=\"216fcaa2\" data-element_type=\"widget\" data-widget_type=\"html.default\">\n\t\t\t\t<div class=\"elementor-widget-container\">\n\t\t\t\t\t<div id=\"meudiv\">\r\n  <input id=\"checked\" type=\"checkbox\" \/>\r\n  <label for=\"checked\" id=\"myIcon\"><i class=\"fas fa-chevron-right\" style=\"font-size: 28px;color: blue\"><\/i><\/label>\r\n  <nav id=\"meuNav\">\r\n    <ul id=\"minhaLista\">\r\n      <div class=\"elementor-widget-wrap elementor-element-populated\">\r\n        <div class=\"elementor-element elementor-element-346949c elementor-widget elementor-widget-table-of-contents\" data-id=\"346949c\" data-element_type=\"widget\" data-settings=\"{&quot;headings_by_tags&quot;:[&quot;h2&quot;],&quot;exclude_headings_by_selector&quot;:[],&quot;marker_view&quot;:&quot;bullets&quot;,&quot;icon&quot;:{&quot;value&quot;:&quot;&quot;,&quot;library&quot;:&quot;&quot;},&quot;hierarchical_view&quot;:&quot;yes&quot;,&quot;min_height&quot;:{&quot;unit&quot;:&quot;px&quot;,&quot;size&quot;:&quot;&quot;,&quot;sizes&quot;:[]},&quot;min_height_tablet&quot;:{&quot;unit&quot;:&quot;px&quot;,&quot;size&quot;:&quot;&quot;,&quot;sizes&quot;:[]},&quot;min_height_mobile&quot;:{&quot;unit&quot;:&quot;px&quot;,&quot;size&quot;:&quot;&quot;,&quot;sizes&quot;:[]}}\" data-widget_type=\"table-of-contents.default\">\r\n          <div class=\"elementor-widget-container\">\r\n            <div class=\"elementor-toc__header\" style=\"background-color: #fff\">\r\n              <h3 id=\"sumary-title\" class=\"elementor-toc__header-title\">Sobre a Empresa<\/h3>\r\n            <\/div>\r\n            <div id=\"sumary-body\" class=\"elementor-toc__body\" style=\"background-color: #fff\">\r\n              <ul class=\"elementor-toc__list-wrapper\">\r\n                <li class=\"elementor-toc__list-item\">\r\n                  <div class=\"elementor-toc__list-item-text-wrapper\"><i class=\"\"><\/i><a href=\"#elementor-toc__heading-anchor-0\" class=\"elementor-toc__list-item-text elementor-toc__top-level\">Saiba mais sobre a Qsa\u00fade<\/a><\/div>\r\n                <\/li>\r\n                <li class=\"elementor-toc__list-item\">\r\n                  <div class=\"elementor-toc__list-item-text-wrapper\"><i class=\"\"><\/i><a href=\"#elementor-toc__heading-anchor-1\" class=\"elementor-toc__list-item-text elementor-toc__top-level\">Saiba tudo sobre os planos\r\n                      Qsa\u00fade<\/a><\/div>\r\n                <\/li>\r\n                <li class=\"elementor-toc__list-item\">\r\n                  <div class=\"elementor-toc__list-item-text-wrapper\"><i class=\"\"><\/i><a href=\"#elementor-toc__heading-anchor-2\" class=\"elementor-toc__list-item-text elementor-toc__top-level elementor-item-active\">Entenda como\r\n                      funciona a coparticipa\u00e7\u00e3o nos planos Qsa\u00fade<\/a><\/div>\r\n                <\/li>\r\n                <li class=\"elementor-toc__list-item\">\r\n                  <div class=\"elementor-toc__list-item-text-wrapper\"><i class=\"\"><\/i><a href=\"#elementor-toc__heading-anchor-3\" class=\"elementor-toc__list-item-text elementor-toc__top-level\">Diferenciais dos planos Qsa\u00fade<\/a>\r\n                  <\/div>\r\n                <\/li>\r\n                <li class=\"elementor-toc__list-item\">\r\n                  <div class=\"elementor-toc__list-item-text-wrapper\"><i class=\"\"><\/i><a href=\"#elementor-toc__heading-anchor-4\" class=\"elementor-toc__list-item-text elementor-toc__top-level\">Como contratar um plano de sa\u00fade\r\n                      com a Compare Seguros?<\/a><\/div>\r\n                <\/li>\r\n              <\/ul>\r\n            <\/div>\r\n          <\/div>\r\n        <\/div>\r\n        <div id=\"btn-cotacao\" class=\"elementor-element elementor-element-7d04514 elementor-align-justify elementor-widget__width-inherit elementor-widget elementor-widget-button\" data-id=\"7d04514\" data-element_type=\"widget\" data-widget_type=\"button.default\">\r\n          <div class=\"elementor-widget-container\">\r\n            <div id=\"div-cotacao\" class=\"elementor-button-wrapper\">\r\n              <a id=\"btn-cotacao\" href=\"https:\/\/compareseguros24h.com.br\/cotacao-online\/\" class=\"elementor-button-link elementor-button elementor-size-sm\" role=\"button\">\r\n                <span class=\"elementor-button-content-wrapper\">\r\n                  <span class=\"elementor-button-text\">Cota\u00e7\u00e3o Online<\/span>\r\n                <\/span>\r\n              <\/a>\r\n            <\/div>\r\n          <\/div>\r\n        <\/div>\r\n        <div class=\"elementor-element elementor-element-9930b93 elementor-align-justify elementor-widget elementor-widget-button\" data-id=\"9930b93\" data-element_type=\"widget\" data-widget_type=\"button.default\">\r\n          <div class=\"elementor-widget-container\">\r\n            <div id=\"div-wpp\" class=\"elementor-button-wrapper\">\r\n              <a id=\"btn-wpp\" href=\"https:\/\/web.whatsapp.com\/send?phone=5511955913910\" class=\"elementor-button-link elementor-button elementor-size-sm\" role=\"button\">\r\n                <span class=\"elementor-button-content-wrapper\">\r\n                  <span class=\"elementor-button-icon elementor-align-icon-right\">\r\n                    \r\n                      \r\n                      \r\n                     <\/span>\r\n                  <span class=\"elementor-button-text\">Whatsapp<\/span>\r\n                <\/span>\r\n              <\/a>\r\n            <\/div>\r\n          <\/div>\r\n        <\/div>\r\n      <\/div>\r\n    <\/ul>\r\n  <\/nav>\r\n<\/div>\t\t\t\t<\/div>\n\t\t\t\t<\/div>\n\t\t\t\t<div class=\"elementor-element elementor-element-4ed9d5f7 elementor-widget elementor-widget-heading\" data-id=\"4ed9d5f7\" data-element_type=\"widget\" data-widget_type=\"heading.default\">\n\t\t\t\t<div class=\"elementor-widget-container\">\n\t\t\t\t\t<h2 class=\"elementor-heading-title elementor-size-default\">Conhe\u00e7a o Plano de Sa\u00fade Amil S450<\/h2>\t\t\t\t<\/div>\n\t\t\t\t<\/div>\n\t\t\t\t<div class=\"elementor-element elementor-element-28751c1f elementor-widget elementor-widget-text-editor\" data-id=\"28751c1f\" data-element_type=\"widget\" data-widget_type=\"text-editor.default\">\n\t\t\t\t<div class=\"elementor-widget-container\">\n\t\t\t\t\t\t\t\t\t<p><span style=\"font-weight: 400;\">J\u00e1 pensou em contratar um <\/span><a href=\"https:\/\/compareplanodesaude.com.br\/plano-de-saude-empresarial\/\"><b>plano de sa\u00fade empresarial<\/b><\/a><span style=\"font-weight: 400;\"> com in\u00fameros benef\u00edcios para seus colaboradores? Na Amil voc\u00ea pode! Essa modalidade de plano oferece cobertura para empresas de pequeno, m\u00e9dio e grande porte.\u00a0<\/span><\/p><p><span style=\"font-weight: 400;\">Todos os benefici\u00e1rios do plano de sa\u00fade Amil S450 contam com uma <\/span><a href=\"https:\/\/compareplanodesaude.com.br\/area-de-abrangencia\/\"><b>abrang\u00eancia<\/b><\/a><span style=\"font-weight: 400;\"> nacional e cobertura <\/span><a href=\"https:\/\/compareplanodesaude.com.br\/blog-saude\/duvidas\/plano-ambulatorial-e-hospitalar-com-obstetricia\/\"><b>ambulatorial e hospitalar com obstetr\u00edcia<\/b><\/a><span style=\"font-weight: 400;\">. Isso significa que uma s\u00e9rie de atendimentos est\u00e3o cobertos.<\/span><\/p><p><span style=\"font-weight: 400;\">Por exemplo: consultas m\u00e9dicas, exames simples e complexos, tratamentos cont\u00ednuos, terapias, interna\u00e7\u00f5es cl\u00ednicas, cir\u00fargicas e psiqui\u00e1tricas. Assim como tamb\u00e9m cobre cirurgias, acompanhamento de pr\u00e9-natal e parto.\u00a0<\/span><\/p><p><span style=\"font-weight: 400;\">O plano Amil S450 \u00e9 muito procurado, pois oferece <\/span><b>atendimento em alguns dos melhores hospitais<\/b><span style=\"font-weight: 400;\"> do pa\u00eds, principalmente em S\u00e3o Paulo. Al\u00e9m disso, com os seus pre\u00e7os atrativos, seu custo-benef\u00edcio \u00e9 incr\u00edvel.<\/span><\/p><p><span style=\"font-weight: 400;\">Fa\u00e7a uma <\/span><a href=\"https:\/\/compareplanodesaude.com.br\/cotacao-online\/\"><b>cota\u00e7\u00e3o online<\/b><\/a><span style=\"font-weight: 400;\"> no simulador da Compare e tenha ainda mais certeza de que o Amil S450 \u00e9 o plano perfeito para a sua empresa!<\/span><\/p>\t\t\t\t\t\t\t\t<\/div>\n\t\t\t\t<\/div>\n\t\t\t\t<div class=\"elementor-element elementor-element-5830406a elementor-widget elementor-widget-heading\" data-id=\"5830406a\" data-element_type=\"widget\" data-widget_type=\"heading.default\">\n\t\t\t\t<div class=\"elementor-widget-container\">\n\t\t\t\t\t<h2 class=\"elementor-heading-title elementor-size-default\">Quanto custa o Amil S450? Confira a tabela de pre\u00e7os<\/h2>\t\t\t\t<\/div>\n\t\t\t\t<\/div>\n\t\t\t\t<div class=\"elementor-element elementor-element-2e03cec8 elementor-widget elementor-widget-text-editor\" data-id=\"2e03cec8\" data-element_type=\"widget\" data-widget_type=\"text-editor.default\">\n\t\t\t\t<div class=\"elementor-widget-container\">\n\t\t\t\t\t\t\t\t\t<p><span style=\"font-weight: 400;\">Voc\u00ea j\u00e1 se perguntou quais s\u00e3o os fatores que influenciam no pre\u00e7o de um conv\u00eanio m\u00e9dico? Basicamente s\u00e3o tr\u00eas coisas: faixa et\u00e1ria do benefici\u00e1rio, <\/span><a href=\"https:\/\/compareplanodesaude.com.br\/pergunte-ao-corretor-acomodacoes\"><b>tipo de acomoda\u00e7\u00e3o<\/b><\/a><span style=\"font-weight: 400;\"> e modalidade contratada.<\/span><\/p><p><span style=\"font-weight: 400;\">Dito isso, o plano de sa\u00fade Amil S450 est\u00e1 dispon\u00edvel nas seguintes modalidades: empresarial e coletivo por ades\u00e3o (individual e familiar), com ou sem cobran\u00e7a de coparticipa\u00e7\u00e3o.<\/span><\/p><p><span style=\"font-weight: 400;\">O plano Amil S450 para empresas (de 30 at\u00e9 99 vidas) custa <\/span><b>a partir de R$265,21<\/b><span style=\"font-weight: 400;\">. Por\u00e9m, no Amil S450 coletivo por ades\u00e3o, o pre\u00e7o inicial \u00e9 de <\/span><b>R$445,70<\/b><span style=\"font-weight: 400;\">. Lembrando que os pre\u00e7os podem sofrer com os <\/span><a href=\"https:\/\/compareplanodesaude.com.br\/faq\/pergunte-ao-corretor-reajuste\/\"><b>reajustes<\/b><\/a><span style=\"font-weight: 400;\">.<\/span><\/p><p><span style=\"font-weight: 400;\">Converse com um dos nossos consultores e receba uma cota\u00e7\u00e3o de pre\u00e7os com at\u00e9 <\/span><a href=\"https:\/\/compareplanodesaude.com.br\/amil\/cotacao-online\/\"><b>40% de desconto na 1\u00aa mensalidade<\/b><\/a><span style=\"font-weight: 400;\">!<\/span><\/p><h3><span style=\"font-weight: 400;\">Entenda o que \u00e9 coparticipa\u00e7\u00e3o<\/span><\/h3><p><span style=\"font-weight: 400;\">Os planos de sa\u00fade com <\/span><a href=\"https:\/\/compareplanodesaude.com.br\/plano-de-saude-coparticipacao\/\"><b>coparticipa\u00e7\u00e3o<\/b><\/a><span style=\"font-weight: 400;\"> s\u00e3o vantajosos para diversas pessoas, pois suas mensalidades s\u00e3o mais acess\u00edveis. Em contrapartida, \u00e9 cobrada uma pequena taxa quando o cliente realizar certos procedimentos.<\/span><\/p><p><span style=\"font-weight: 400;\">Normalmente, a modalidade \u00e9 indicada para pessoas que n\u00e3o fazem tratamentos cont\u00ednuos. Por\u00e9m, caso o cliente queira, \u00e9 poss\u00edvel contratar o conv\u00eanio sem nenhum tipo de taxa, ou seja, com mensalidades fixas.<\/span><\/p>\t\t\t\t\t\t\t\t<\/div>\n\t\t\t\t<\/div>\n\t\t\t\t<div class=\"elementor-element elementor-element-2e7dea1c elementor-widget elementor-widget-heading\" data-id=\"2e7dea1c\" data-element_type=\"widget\" data-widget_type=\"heading.default\">\n\t\t\t\t<div class=\"elementor-widget-container\">\n\t\t\t\t\t<h2 class=\"elementor-heading-title elementor-size-default\">Qual a rede credenciada do Amil S450?<\/h2>\t\t\t\t<\/div>\n\t\t\t\t<\/div>\n\t\t\t\t<div class=\"elementor-element elementor-element-51d23d26 elementor-widget elementor-widget-text-editor\" data-id=\"51d23d26\" data-element_type=\"widget\" data-widget_type=\"text-editor.default\">\n\t\t\t\t<div class=\"elementor-widget-container\">\n\t\t\t\t\t\t\t\t\t<p><span style=\"font-weight: 400;\">As pessoas que buscam por um conv\u00eanio m\u00e9dico almejam ser bem atendidas e poder contar com bons especialistas. Na rede credenciada do plano Amil S450, est\u00e3o diversos hospitais e laborat\u00f3rios renomados.<\/span><\/p><p><span style=\"font-weight: 400;\">Al\u00e9m disso, \u00e9 importante que as unidades contam com uma tecnologia avan\u00e7ada e boa presta\u00e7\u00e3o do servi\u00e7o m\u00e9dico. Foi pensando nisso que a Amil escolheu os melhores parceiros para o Amil S450.\u00a0<\/span><\/p><p><span style=\"font-weight: 400;\">Sendo assim, alguns dos principais hospitais credenciados em S\u00e3o Paulo s\u00e3o: <\/span><b>Hospital Samaritano<\/b><span style=\"font-weight: 400;\">,<\/span> <b>Hospital Leforte<\/b><span style=\"font-weight: 400;\">, <\/span><b>Hospital S\u00e3o Luiz<\/b><span style=\"font-weight: 400;\">,<\/span> <b>Hospital Villa<\/b> <b>Lobos, Hospital Santa Marcelina<\/b><span style=\"font-weight: 400;\">,<\/span> <span style=\"font-weight: 400;\">entre outros<\/span><b>.\u00a0<\/b><\/p><p><span style=\"font-weight: 400;\">Al\u00e9m disso, os benefici\u00e1rios recebem acesso a uma grande variedade de centros laboratoriais de qualidade, como: <\/span><a href=\"https:\/\/compareplanodesaude.com.br\/blog-saude\/laboratorios\/hermes-pardini\/\"><b>Hermes Pardini<\/b><\/a><i><span style=\"font-weight: 400;\">, Sanitas, Avante, Nasa, <\/span><\/i><a href=\"https:\/\/compareplanodesaude.com.br\/blog-saude\/laboratorios\/femme\/\"><b>Femme<\/b><\/a><i><span style=\"font-weight: 400;\">, <\/span><\/i><a href=\"https:\/\/compareplanodesaude.com.br\/blog-saude\/laboratorios\/lavoisier\/\"><b>Lavoisier<\/b><\/a><i><span style=\"font-weight: 400;\">, etc<\/span><\/i><span style=\"font-weight: 400;\">..<\/span><\/p><p><span style=\"font-weight: 400;\">Confira a <\/span><a href=\"https:\/\/compareplanodesaude.com.br\/amil\/rede-credenciada-amil\/\"><b>rede credenciada completa<\/b><\/a><span style=\"font-weight: 400;\"> do plano Amil S450 em nosso site ou converse com um dos <\/span><a href=\"https:\/\/api.whatsapp.com\/send?phone=5511955913910&amp;text=Ol%C3%A1%2C%20gostaria%20de%20iniciar%20o%20atendimento%20para%20uma%20cota%C3%A7%C3%A3o%20de%20planos%20de%20sa%C3%BAde!\"><b>nossos especialistas<\/b><\/a><span style=\"font-weight: 400;\"> para solicitar a lista com todos os prestadores de servi\u00e7os. <\/span><\/p>\t\t\t\t\t\t\t\t<\/div>\n\t\t\t\t<\/div>\n\t\t\t\t<div class=\"elementor-element elementor-element-6c102190 elementor-widget elementor-widget-heading\" data-id=\"6c102190\" data-element_type=\"widget\" data-widget_type=\"heading.default\">\n\t\t\t\t<div class=\"elementor-widget-container\">\n\t\t\t\t\t<h2 class=\"elementor-heading-title elementor-size-default\">Descubra 6 diferenciais \u00fanicos do Amil S450<\/h2>\t\t\t\t<\/div>\n\t\t\t\t<\/div>\n\t\t\t\t<div class=\"elementor-element elementor-element-60195e elementor-widget elementor-widget-text-editor\" data-id=\"60195e\" data-element_type=\"widget\" data-widget_type=\"text-editor.default\">\n\t\t\t\t<div class=\"elementor-widget-container\">\n\t\t\t\t\t\t\t\t\t<p><span style=\"font-weight: 400;\">A Amil se preocupa em oferecer uma cobertura exemplar, por conta disso, al\u00e9m dos servi\u00e7os m\u00e9dicos, o Amil S450 possui tamb\u00e9m alguns \u00f3timos benef\u00edcios, alguns deles exclusivos da operadora.<\/span><\/p><p><span style=\"font-weight: 400;\">Confira, a seguir, 6 destes diferenciais:<\/span><\/p><h3><span style=\"font-weight: 400;\">1. Amil Ligue Sa\u00fade: Cuidado 24H<\/span><\/h3><p><span style=\"font-weight: 400;\">Todas as suas d\u00favidas de sa\u00fade podem ser esclarecidas <\/span><i><span style=\"font-weight: 400;\">24 horas, 7 dias na semana<\/span><\/i><span style=\"font-weight: 400;\">, atrav\u00e9s do Amil Ligue Sa\u00fade: um canal de orienta\u00e7\u00e3o e aconselhamento telef\u00f4nico \u00edmpar.<\/span><\/p><p><span style=\"font-weight: 400;\">Esta \u00e9 a vantagem ideal para as pessoas que t\u00eam quest\u00f5es de sa\u00fade (mesmo que m\u00ednimas) recorrentes.<\/span><\/p><h3><span style=\"font-weight: 400;\">2. Amil Espa\u00e7o Sa\u00fade: Exclusivo para benefici\u00e1rios<\/span><\/h3><p><span style=\"font-weight: 400;\">O Amil Espa\u00e7o Sa\u00fade \u00e9 composto por unidades exclusivas para os clientes Amil, que contam com o apoio de M\u00e9dicos da Fam\u00edlia e atendimento com m\u00e9dicos das mais diversas especialidades.<\/span><\/p><h3><span style=\"font-weight: 400;\">3. Descontos em farm\u00e1cia: At\u00e9 35% OFF<\/span><\/h3><p><span style=\"font-weight: 400;\">O plano de sa\u00fade Amil garante aos seus benefici\u00e1rios <\/span><b>at\u00e9 35% de desconto<\/b><span style=\"font-weight: 400;\"> nas <\/span><i><span style=\"font-weight: 400;\">Drogarias S\u00e3o Paulo<\/span><\/i><span style=\"font-weight: 400;\"> e nas <\/span><i><span style=\"font-weight: 400;\">Drogarias Pacheco<\/span><\/i><span style=\"font-weight: 400;\">. Basta apresentar a carteirinha na hora do pagamento para receber o desconto.<\/span><\/p><p><span style=\"font-weight: 400;\">As ofertas s\u00e3o v\u00e1lidas para medicamentos gen\u00e9ricos, medicamentos de marca e, em alguns casos, itens de perfumaria e higiene pessoal.\u00a0<\/span><\/p><h3><span style=\"font-weight: 400;\">4. Transplantes extra-rol da ANS: Indo al\u00e9m do necess\u00e1rio<\/span><\/h3><p><span style=\"font-weight: 400;\">Todos os benefici\u00e1rios contam com a cobertura para transplantes de f\u00edgado, p\u00e2ncreas, cora\u00e7\u00e3o, pulm\u00e3o, p\u00e2ncreas, rim e cardiopulmonar, al\u00e9m daqueles previstos no rol (rim, c\u00f3rnea e medula \u00f3ssea).<\/span><\/p><p><span style=\"font-weight: 400;\">Este \u00e9 um diferencial que demonstra o qu\u00e3o al\u00e9m o Amil S450 vai em sua cobertura, ultrapassando os procedimentos descritos no <\/span><a href=\"https:\/\/compareplanodesaude.com.br\/ans\/rol-de-procedimentos-ans\/\"><b>Rol da ANS<\/b><\/a><span style=\"font-weight: 400;\">.<\/span><\/p><h3><span style=\"font-weight: 400;\">5. Amil Resgate: Pensado para emerg\u00eancias<\/span><\/h3><p><span style=\"font-weight: 400;\">Um sistema de transporte completo <\/span><span style=\"font-weight: 400;\">e acreditado pela J<\/span><i><span style=\"font-weight: 400;\">oint Commission International <\/span><\/i><span style=\"font-weight: 400;\">(JCI). Ideal para situa\u00e7\u00f5es de urg\u00eancia e emerg\u00eancia nas quais uma remo\u00e7\u00e3o \u00e9 necess\u00e1ria.<\/span><\/p><h3><span style=\"font-weight: 400;\">6. Assist\u00eancia Viagem Internacional: Onde quer que esteja<\/span><\/h3><p><span style=\"font-weight: 400;\">O Amil S450 garante assist\u00eancia e cobertura m\u00e9dica at\u00e9 mesmo fora do pa\u00eds, para que voc\u00ea possa aproveitar suas viagens da melhor forma. O servi\u00e7o custa a partir de <\/span><span style=\"font-weight: 400;\">R$5,00 de acordo com a moeda local.<\/span><\/p>\t\t\t\t\t\t\t\t<\/div>\n\t\t\t\t<\/div>\n\t\t\t\t<div class=\"elementor-element elementor-element-2a2c37d1 elementor-widget elementor-widget-heading\" data-id=\"2a2c37d1\" data-element_type=\"widget\" data-widget_type=\"heading.default\">\n\t\t\t\t<div class=\"elementor-widget-container\">\n\t\t\t\t\t<h2 class=\"elementor-heading-title elementor-size-default\">Quais as car\u00eancias contratuais do Amil S450?<\/h2>\t\t\t\t<\/div>\n\t\t\t\t<\/div>\n\t\t\t\t<div class=\"elementor-element elementor-element-19e91d04 elementor-widget elementor-widget-text-editor\" data-id=\"19e91d04\" data-element_type=\"widget\" data-widget_type=\"text-editor.default\">\n\t\t\t\t<div class=\"elementor-widget-container\">\n\t\t\t\t\t\t\t\t\t<p><span style=\"font-weight: 400;\">Assim como a maior parte dos conv\u00eanios m\u00e9dicos, o plano Amil S450 possui <\/span><a href=\"https:\/\/compareplanodesaude.com.br\/perguntas-frequentes\/carencia-plano-de-saude\/\"><b>car\u00eancias contratuais<\/b><\/a><span style=\"font-weight: 400;\"> que devem ser cumpridas. As car\u00eancias nada mais s\u00e3o do que prazos preestabelecidos pela operadora para cada procedimento.<\/span><\/p><p><span style=\"font-weight: 400;\">Isso quer dizer que, ap\u00f3s a ades\u00e3o do plano, o benefici\u00e1rio precisa aguardar para come\u00e7ar a usufruir de seu conv\u00eanio. Os prazos s\u00e3o definidos de acordo com o tipo de atendimento m\u00e9dico. Confira os prazos do Amil S450:<\/span><\/p><ul><li style=\"font-weight: 400;\" aria-level=\"1\"><span style=\"font-weight: 400;\">Consulta em pronto-socorro: <\/span><b>Isento<\/b><span style=\"font-weight: 400;\">;<\/span><\/li><li style=\"font-weight: 400;\" aria-level=\"1\"><span style=\"font-weight: 400;\">Consultas eletivas e exames ambulatoriais: <\/span><b>30 dias<\/b><span style=\"font-weight: 400;\">;<\/span><\/li><li style=\"font-weight: 400;\" aria-level=\"1\"><span style=\"font-weight: 400;\">Exames e procedimentos especiais: <\/span><b>180 dias<\/b><span style=\"font-weight: 400;\">;<\/span><\/li><li style=\"font-weight: 400;\" aria-level=\"1\"><span style=\"font-weight: 400;\">Interna\u00e7\u00f5es cl\u00ednicas ou cir\u00fargicas: <\/span><b>180 dias<\/b><span style=\"font-weight: 400;\">;<\/span><\/li><li style=\"font-weight: 400;\" aria-level=\"1\"><span style=\"font-weight: 400;\">Parto a termo: <\/span><b>300 dias<\/b><span style=\"font-weight: 400;\">.<\/span><\/li><li style=\"font-weight: 400;\" aria-level=\"1\"><span style=\"font-weight: 400;\">Doen\u00e7as e les\u00f5es preexistentes: <\/span><b>24 meses<\/b><span style=\"font-weight: 400;\">.<\/span><\/li><\/ul><p><span style=\"font-weight: 400;\">Em alguns casos, o plano de sa\u00fade oferece redu\u00e7\u00e3o de car\u00eancias aos benefici\u00e1rios. Caso voc\u00ea tenha interesse em conhecer as condi\u00e7\u00f5es para obter esse benef\u00edcio, converse com um <\/span><a href=\"https:\/\/compareplanodesaude.com.br\/amil\/contato\/\"><b>consultor online<\/b><\/a><span style=\"font-weight: 400;\">.\u00a0<\/span><\/p><h3><span style=\"font-weight: 400;\">O que s\u00e3o doen\u00e7as e les\u00f5es preexistentes? Entenda de vez!<\/span><\/h3><p><span style=\"font-weight: 400;\">As doen\u00e7as e les\u00f5es preexistentes (ou <\/span><a href=\"https:\/\/compareplanodesaude.com.br\/blog-saude\/duvidas\/doenca-preexistente\/\"><b>DLP<\/b><\/a><span style=\"font-weight: 400;\">) s\u00e3o todos os problemas de sa\u00fade que o benefici\u00e1rio j\u00e1 possu\u00eda antes de aderir ao conv\u00eanio m\u00e9dico. N\u00e3o apenas possu\u00eda, como tinha consci\u00eancia de ter estas patologias.<\/span><\/p><p><span style=\"font-weight: 400;\">Algumas operadoras requerem o preenchimento da <\/span><a href=\"https:\/\/compareplanodesaude.com.br\/blog-saude\/duvidas\/o-que-e-declaracao-saude\/\"><b>Declara\u00e7\u00e3o de Sa\u00fade<\/b><\/a><span style=\"font-weight: 400;\">, que deve ser feita de maneira honesta e detalhada para que n\u00e3o haja brechas para indica\u00e7\u00f5es de fraudes.<\/span><\/p>\t\t\t\t\t\t\t\t<\/div>\n\t\t\t\t<\/div>\n\t\t\t\t<div class=\"elementor-element elementor-element-4cf12250 elementor-widget elementor-widget-heading\" data-id=\"4cf12250\" data-element_type=\"widget\" data-widget_type=\"heading.default\">\n\t\t\t\t<div class=\"elementor-widget-container\">\n\t\t\t\t\t<h2 class=\"elementor-heading-title elementor-size-default\">Quais os documentos necess\u00e1rios para contratar?<\/h2>\t\t\t\t<\/div>\n\t\t\t\t<\/div>\n\t\t\t\t<div class=\"elementor-element elementor-element-78ee0fc2 elementor-widget elementor-widget-text-editor\" data-id=\"78ee0fc2\" data-element_type=\"widget\" data-widget_type=\"text-editor.default\">\n\t\t\t\t<div class=\"elementor-widget-container\">\n\t\t\t\t\t\t\t\t\t<p><span style=\"font-weight: 400;\">Para a contrata\u00e7\u00e3o do plano Amil S450, \u00e9 necess\u00e1rio que os clientes enviem alguns documentos solicitados pela operadora. N\u00e3o se preocupe: s\u00e3o documenta\u00e7\u00f5es simples para pessoas f\u00edsicas e jur\u00eddicas.<\/span><\/p><p><span style=\"font-weight: 400;\">Veja quais s\u00e3o elas:<\/span><\/p><h3><span style=\"font-weight: 400;\">Documenta\u00e7\u00e3o pedida para empresas<\/span><\/h3><p><span style=\"font-weight: 400;\">As empresas interessadas na contrata\u00e7\u00e3o do plano Amil S450 dever\u00e3o apresentar uma s\u00e9rie de documentos. Por isso, se faz necess\u00e1ria a separa\u00e7\u00e3o posterior da documenta\u00e7\u00e3o.<\/span><\/p><p><span style=\"font-weight: 400;\">Para que ela seja poss\u00edvel, fizemos essa lista com tudo o que ser\u00e1 necess\u00e1rio:<\/span><\/p><ul><li style=\"font-weight: 400;\" aria-level=\"1\"><span style=\"font-weight: 400;\">Contrato Social, Requerimento do Empres\u00e1rio ou Certificado de Microempreendedor, com pelo menos 6 meses de empresa e documento de identifica\u00e7\u00e3o com foto e assinatura do respons\u00e1vel;<\/span><\/li><li style=\"font-weight: 400;\" aria-level=\"1\"><span style=\"font-weight: 400;\">Declara\u00e7\u00e3o de Autenticidade, com firma reconhecida em cart\u00f3rio, CNPJ e se a contrata\u00e7\u00e3o fosse para algum funcion\u00e1rio, apresentar a rela\u00e7\u00e3o do FGTS e comprovante de endere\u00e7o.<\/span><\/li><\/ul><h3><span style=\"font-weight: 400;\">Documenta\u00e7\u00e3o pedida para os titulares<\/span><\/h3><p><span style=\"font-weight: 400;\">Por outro lado, os futuros titulares devem apresentar RG e CPF ou CNH, mas caso seja um funcion\u00e1rio rec\u00e9m-contratado, apresentar o Termo de Responsabilidade assinado pela empresa com firma reconhecida em cart\u00f3rio.<\/span><\/p><p><span style=\"font-weight: 400;\">J\u00e1 os <\/span><b>dependentes precisam<\/b><span style=\"font-weight: 400;\"> apresentar um documento com foto (RG ou CPF) e um documento que comprove o grau de parentesco com o titular para assim contratar o Amil S450.<\/span><\/p>\t\t\t\t\t\t\t\t<\/div>\n\t\t\t\t<\/div>\n\t\t\t\t<div class=\"elementor-element elementor-element-3a205d34 elementor-widget elementor-widget-heading\" data-id=\"3a205d34\" data-element_type=\"widget\" data-widget_type=\"heading.default\">\n\t\t\t\t<div class=\"elementor-widget-container\">\n\t\t\t\t\t<h2 class=\"elementor-heading-title elementor-size-default\">O Amil S450 vale a pena? Qual a avalia\u00e7\u00e3o?<\/h2>\t\t\t\t<\/div>\n\t\t\t\t<\/div>\n\t\t\t\t<div class=\"elementor-element elementor-element-3f5ca16e elementor-widget elementor-widget-text-editor\" data-id=\"3f5ca16e\" data-element_type=\"widget\" data-widget_type=\"text-editor.default\">\n\t\t\t\t<div class=\"elementor-widget-container\">\n\t\t\t\t\t\t\t\t\t<p><span style=\"font-weight: 400;\">A operadora de origem brasileira, a Amil, \u00e9 uma das maiores assist\u00eancias m\u00e9dicas do pa\u00eds, al\u00e9m de possuir excelentes notas no <\/span><a href=\"https:\/\/www.ans.gov.br\/qualificacao_consumidor\/informacoes_operadora.asp#consulta_idss\"><b>Programa de Qualifica\u00e7\u00e3o<\/b><\/a><span style=\"font-weight: 400;\"> da ANS,<\/span><b> com pontua\u00e7\u00e3o de 0,75\/1 (IDSS 2022).<\/b><\/p><p><span style=\"font-weight: 400;\">O plano Amil S450 \u00e9 um dos seus melhores conv\u00eanios oferecidos atualmente, justamente pelo seu amplo custo-benef\u00edcio. Por isso \u00e9 t\u00e3o recomendado aos clientes que buscam por um atendimento de excel\u00eancia e pre\u00e7o justo.\u00a0<\/span><\/p><p><span style=\"font-weight: 400;\">No <\/span><a href=\"https:\/\/www.reclameaqui.com.br\/empresa\/amil\/\"><b>Reclame Aqui<\/b><\/a><span style=\"font-weight: 400;\">, por exemplo, a operadora possui uma \u00f3tima avalia\u00e7\u00e3o, com nota de <\/span><b>7.9\/10<\/b><span style=\"font-weight: 400;\">. Outro ponto positivo apontado pelo site, \u00e9 que a operadora respondeu cerca de <\/span><b>97.8%<\/b><span style=\"font-weight: 400;\"> de todos os chamados abertos.<\/span><\/p><p><span style=\"font-weight: 400;\">*Informa\u00e7\u00f5es checadas em mar\u00e7o de 2023<\/span><\/p>\t\t\t\t\t\t\t\t<\/div>\n\t\t\t\t<\/div>\n\t\t\t\t<div class=\"elementor-element elementor-element-7d6d3e3c elementor-widget elementor-widget-heading\" data-id=\"7d6d3e3c\" data-element_type=\"widget\" data-widget_type=\"heading.default\">\n\t\t\t\t<div class=\"elementor-widget-container\">\n\t\t\t\t\t<h2 class=\"elementor-heading-title elementor-size-default\">Como contratar o Amil S450? [Passo a passo]<\/h2>\t\t\t\t<\/div>\n\t\t\t\t<\/div>\n\t\t\t\t<div class=\"elementor-element elementor-element-2005881e elementor-widget elementor-widget-text-editor\" data-id=\"2005881e\" data-element_type=\"widget\" data-widget_type=\"text-editor.default\">\n\t\t\t\t<div class=\"elementor-widget-container\">\n\t\t\t\t\t\t\t\t\t<p><span style=\"font-weight: 400;\">O primeiro passo para voc\u00ea contratar o plano de sa\u00fade Amil S450 \u00e9 entrar em contato com um consultor da Compare. Feito isso, solicite a sua <\/span><a href=\"https:\/\/compareplanodesaude.com.br\/amil\/cotacao-online\/\"><b>cota\u00e7\u00e3o de pre\u00e7os completa<\/b><\/a><span style=\"font-weight: 400;\"> e receba<\/span> <span style=\"font-weight: 400;\">at\u00e9 40% de desconto na 1\u00aa mensalidade.\u00a0<\/span><\/p><p><span style=\"font-weight: 400;\">Voc\u00ea tamb\u00e9m pode entrar em contato com a Compare pelo <\/span><a href=\"https:\/\/web.whatsapp.com\/send?phone=5511964929380\"><b>nosso WhatsApp<\/b><\/a><span style=\"font-weight: 400;\">. Assim, voc\u00ea ser\u00e1 atendido com mais agilidade.<\/span><\/p><p><span style=\"font-weight: 400;\">Dessa forma, o consultor ir\u00e1 solicitar a documenta\u00e7\u00e3o necess\u00e1ria. Isso \u00e9 exigido para que ele formalize a sua proposta junto \u00e0 operadora, que deve ter at\u00e9 10 dias \u00fateis para avaliar.<\/span><\/p><p><span style=\"font-weight: 400;\">Ap\u00f3s o contrato ser analisado e aprovado, o consultor entrar\u00e1 em contato para combinar a assinatura do plano. E o contrato s\u00f3 ser\u00e1 ativado ap\u00f3s o pagamento do primeiro boleto, dando in\u00edcio \u00e0 vig\u00eancia.<\/span><\/p><p><span style=\"font-weight: 400;\">A libera\u00e7\u00e3o da carteirinha virtual se dar\u00e1 ap\u00f3s a efetiva\u00e7\u00e3o do contrato. Bem como o acesso \u00e0 plataforma digital da Amil Sa\u00fade. A contrata\u00e7\u00e3o feita por empresa pode ser tanto por <\/span><a href=\"https:\/\/compareplanodesaude.com.br\/blog-saude\/duvidas\/plano-de-saude-compulsorio-ou-livre-adesao\/\"><b>livre ades\u00e3o<\/b><\/a><span style=\"font-weight: 400;\"> como <\/span><a href=\"https:\/\/compareplanodesaude.com.br\/blog-saude\/duvidas\/plano-de-saude-compulsorio-ou-livre-adesao\/\"><b>compuls\u00f3ria<\/b><\/a><span style=\"font-weight: 400;\">.<\/span><\/p><h3><span style=\"font-weight: 400;\">Descubra mais sobre a Compare<\/span><\/h3><p><span style=\"font-weight: 400;\">A <\/span><b>Compare \u00e9 uma corretora<\/b><span style=\"font-weight: 400;\"> que visa oferecer com clareza e praticidade as melhores informa\u00e7\u00f5es sobre conv\u00eanios m\u00e9dicos. Realizamos um servi\u00e7o de excel\u00eancia em consultoria, al\u00e9m de ainda proporcionarmos <\/span><a href=\"https:\/\/compareplanodesaude.com.br\/compare-seguros-beneficios\/\"><b>outros benef\u00edcios<\/b><\/a><span style=\"font-weight: 400;\">.<\/span><\/p><p><span style=\"font-weight: 400;\">Os nossos consultores est\u00e3o \u00e0 sua disposi\u00e7\u00e3o 24 horas para esclarecimento de d\u00favidas, informa\u00e7\u00f5es sobre planos de sa\u00fade e para te auxiliar na contrata\u00e7\u00e3o do mesmo.\u00a0<\/span><\/p><p><span style=\"font-weight: 400;\">\u00c9 simples! <\/span><a href=\"https:\/\/compareplanodesaude.com.br\/cotacao-online\"><b>Solicite uma cota\u00e7\u00e3o<\/b><\/a><span style=\"font-weight: 400;\"> sem compromisso e te enviaremos as melhores op\u00e7\u00f5es dispon\u00edveis perto de voc\u00ea. N\u00e3o perca tempo e garanta agora <\/span><a href=\"https:\/\/compareplanodesaude.com.br\/garanta-seu-desconto\/\"><b>at\u00e9 40% de desconto<\/b><\/a><span style=\"font-weight: 400;\"> na 1\u00b0mensalidade do plano Amil S450.<\/span><\/p>\t\t\t\t\t\t\t\t<\/div>\n\t\t\t\t<\/div>\n\t\t\t\t<div class=\"elementor-element elementor-element-5d306636 elementor-widget elementor-widget-heading\" data-id=\"5d306636\" data-element_type=\"widget\" data-widget_type=\"heading.default\">\n\t\t\t\t<div class=\"elementor-widget-container\">\n\t\t\t\t\t<h2 class=\"elementor-heading-title elementor-size-default\">5 dicas para voc\u00ea economizar no seu conv\u00eanio m\u00e9dico<\/h2>\t\t\t\t<\/div>\n\t\t\t\t<\/div>\n\t\t\t\t<div class=\"elementor-element elementor-element-1db82401 elementor-widget elementor-widget-text-editor\" data-id=\"1db82401\" data-element_type=\"widget\" data-widget_type=\"text-editor.default\">\n\t\t\t\t<div class=\"elementor-widget-container\">\n\t\t\t\t\t\t\t\t\t<p><span style=\"font-weight: 400;\">Agora que voc\u00ea j\u00e1 conhece todos os benef\u00edcios do plano de sa\u00fade Amil S450, aprenda a economizar. Confira 05 dicas para voc\u00ea gastar menos com o conv\u00eanio m\u00e9dico:<\/span><\/p><h3><span style=\"font-weight: 400;\">1-Saiba exatamente quais coberturas m\u00e9dicas voc\u00ea precisa<\/span><\/h3><p><span style=\"font-weight: 400;\">Tenha em mente quais s\u00e3o as suas expectativas em rela\u00e7\u00e3o ao plano de sa\u00fade e contrate apenas as coberturas que realmente atendem \u00e0s suas necessidades.<\/span><\/p><h3><span style=\"font-weight: 400;\">2-Conhe\u00e7a melhor os tipos de acomoda\u00e7\u00e3o hospitalar<\/span><\/h3><p><span style=\"font-weight: 400;\">Antes de contratar um plano de sa\u00fade, \u00e9 importante conhecer os tipos de acomoda\u00e7\u00e3o hospitalar (enfermaria ou apartamento), pois \u00e9 algo que influencia diretamente no pre\u00e7o do conv\u00eanio.\u00a0<\/span><\/p><h3><span style=\"font-weight: 400;\">3-Considere contratar um plano de sa\u00fade com coparticipa\u00e7\u00e3o\u00a0<\/span><\/h3><p><span style=\"font-weight: 400;\">Caso voc\u00ea n\u00e3o fa\u00e7a nenhum tratamento cont\u00ednuo e queira pagar mensalidades mais acess\u00edveis, contrate o plano com coparticipa\u00e7\u00e3o. Converse com um consultor e conhe\u00e7a melhor a modalidade.<\/span><\/p><h3><span style=\"font-weight: 400;\">4-Descubra se h\u00e1 cobertura em regi\u00f5es pr\u00f3ximas da sua resid\u00eancia\u00a0<\/span><\/h3><p><span style=\"font-weight: 400;\">A \u00e1rea de abrang\u00eancia tamb\u00e9m influencia no pre\u00e7o do conv\u00eanio, por\u00e9m, \u00e9 importante conhec\u00ea-la previamente para garantir que haver\u00e1 hospitais e cl\u00ednicas pr\u00f3ximas da sua resid\u00eancia ou local de trabalho.<\/span><span style=\"font-weight: 400;\"><br \/><\/span><\/p><h3><span style=\"font-weight: 400;\">5-Contrate com uma corretora que te d\u00ea benef\u00edcios<\/span><\/h3><p><span style=\"font-weight: 400;\">Por \u00faltimo, mas n\u00e3o menos importante, essa dica visa te garantir mais benef\u00edcios. Fa\u00e7a a sua contrata\u00e7\u00e3o com uma corretora de confian\u00e7a e que te ofere\u00e7a vantagens no p\u00f3s-venda, assim como a Compare.\u00a0<\/span><\/p><p><b>N\u00e3o fique de fora da nossa promo\u00e7\u00e3o! <\/b><span style=\"font-weight: 400;\">A Compare reservou os melhores descontos para a sua ades\u00e3o: converse hoje mesmo com um dos <\/span><a href=\"https:\/\/api.whatsapp.com\/send?phone=5511955913910&amp;text=Ol%C3%A1%2C%20gostaria%20de%20iniciar%20o%20atendimento%20para%20uma%20cota%C3%A7%C3%A3o%20de%20planos%20de%20sa%C3%BAde!\"><b>nossos consultores<\/b><\/a><span style=\"font-weight: 400;\"> e aproveite!<\/span><\/p>\t\t\t\t\t\t\t\t<\/div>\n\t\t\t\t<\/div>\n\t\t\t\t<div class=\"elementor-element elementor-element-389ac47a elementor-widget elementor-widget-heading\" data-id=\"389ac47a\" data-element_type=\"widget\" data-widget_type=\"heading.default\">\n\t\t\t\t<div class=\"elementor-widget-container\">\n\t\t\t\t\t<h2 class=\"elementor-heading-title elementor-size-default\">D\u00favidas frequentes sobre o Amil S450 (GUIA R\u00c1PIDO)<\/h2>\t\t\t\t<\/div>\n\t\t\t\t<\/div>\n\t\t\t\t<div class=\"elementor-element elementor-element-5c24007 elementor-widget elementor-widget-text-editor\" data-id=\"5c24007\" data-element_type=\"widget\" data-widget_type=\"text-editor.default\">\n\t\t\t\t<div class=\"elementor-widget-container\">\n\t\t\t\t\t\t\t\t\t<p><span style=\"font-weight: 400;\">Com o objetivo de fazer com que voc\u00ea saia deste artigo sem nenhuma d\u00favida restante sobre o plano Amil S450, a Compare Plano de Sa\u00fade optou por separar tr\u00eas das d\u00favidas mais comuns sobre ele.<\/span><\/p><p><span style=\"font-weight: 400;\">Veja quais s\u00e3o elas abaixo e, caso ainda lhe reste alguma d\u00favida, n\u00e3o hesite em chamar um de nossos especialistas!<\/span><\/p><h3><span style=\"font-weight: 400;\">Como incluir dependentes no Amil S450?<\/span><\/h3><p><span style=\"font-weight: 400;\">Para incluir dependentes no Amil S450, voc\u00ea s\u00f3 precisa conversar com seu corretor de confian\u00e7a e acertar os detalhes. Ap\u00f3s isso, basta enviar a documenta\u00e7\u00e3o exigida pela operadora e pronto!\u00a0<\/span><\/p><p><span style=\"font-weight: 400;\">Vale lembrar que \u00e9 importante se atentar aos limites de idade para cada tipo de dependente. Portanto, pergunte ao seu consultor!<\/span><\/p><h3><span style=\"font-weight: 400;\">Onde conferir a rede credenciada do Amil S450?<\/span><\/h3><p><span style=\"font-weight: 400;\">O site da Amil conta com uma ferramenta de <\/span><a href=\"https:\/\/www.amil.com.br\/portal\/web\/servicos\/saude\/rede-credenciada\/amil\/busca-avancada\"><b>busca avan\u00e7ada da rede credenciada<\/b><\/a><span style=\"font-weight: 400;\">. Por meio dela, \u00e9 poss\u00edvel filtrar por conv\u00eanio, localidade, especialidade m\u00e9dica, entre outras funcionalidades.<\/span><\/p><h3><span style=\"font-weight: 400;\">Como emitir a segunda via do boleto Amil S450?<\/span><\/h3><p><span style=\"font-weight: 400;\">Para emitir a segunda via do seu boleto do Amil S450, \u00e9 necess\u00e1rio entrar no <\/span><a href=\"https:\/\/www.amil.com.br\/beneficiario\/#\/\"><b>Portal do Benefici\u00e1rio<\/b><\/a><span style=\"font-weight: 400;\"> da Amil e logar no sistema. L\u00e1, aparecer\u00e1 a op\u00e7\u00e3o para a emiss\u00e3o da segunda via dos seus documentos.<\/span><\/p><p><span style=\"font-weight: 400;\">Adquira o Amil S450 com <\/span><b>at\u00e9 40% de desconto <\/b><span style=\"font-weight: 400;\">na sua primeira mensalidade. Fale agora mesmo com um de nossos especialistas por um de nossos <\/span><a href=\"https:\/\/fale-conosco.compareplanodesaude.com.br\/\"><b>canais de atendimento<\/b><\/a><span style=\"font-weight: 400;\">!<\/span><\/p>\t\t\t\t\t\t\t\t<\/div>\n\t\t\t\t<\/div>\n\t\t\t\t<div class=\"elementor-element elementor-element-724bc58b elementor-widget elementor-widget-heading\" data-id=\"724bc58b\" data-element_type=\"widget\" data-widget_type=\"heading.default\">\n\t\t\t\t<div class=\"elementor-widget-container\">\n\t\t\t\t\t<h2 class=\"elementor-heading-title elementor-size-default\">Conclus\u00e3o<\/h2>\t\t\t\t<\/div>\n\t\t\t\t<\/div>\n\t\t\t\t<div class=\"elementor-element elementor-element-3a454d3b elementor-widget elementor-widget-text-editor\" data-id=\"3a454d3b\" data-element_type=\"widget\" data-widget_type=\"text-editor.default\">\n\t\t\t\t<div class=\"elementor-widget-container\">\n\t\t\t\t\t\t\t\t\t<p><span style=\"font-weight: 400;\">Gostou deste conte\u00fado e est\u00e1 pronto para aderir ao conv\u00eanio Amil S450? <\/span><a href=\"https:\/\/compareplanodesaude.com.br\/garanta-seu-desconto\/\"><b>Clicando aqui<\/b><\/a> <span style=\"font-weight: 400;\">voc\u00ea recebe condi\u00e7\u00f5es \u00fanicas para a sua contrata\u00e7\u00e3o! Al\u00e9m de ter todo o amparo dos nossos especialistas.<\/span><\/p><p><span style=\"font-weight: 400;\">Visite o <\/span><a href=\"https:\/\/compareplanodesaude.com.br\/blog-saude\/\"><b>Blog da Compare<\/b><\/a><span style=\"font-weight: 400;\"> e encontre um universo de textos sobre dicas de sa\u00fade e bem-estar, not\u00edcias, atualiza\u00e7\u00f5es e mais!<\/span><\/p><p><b>Compare, contrate e economize!<\/b><\/p>\t\t\t\t\t\t\t\t<\/div>\n\t\t\t\t<\/div>\n\t\t\t\t\t<\/div>\n\t\t<\/div>\n\t\t\t\t<div class=\"elementor-column elementor-col-33 elementor-top-column elementor-element elementor-element-b1c2374\" data-id=\"b1c2374\" data-element_type=\"column\">\n\t\t\t<div class=\"elementor-widget-wrap\">\n\t\t\t\t\t\t\t<\/div>\n\t\t<\/div>\n\t\t\t\t\t<\/div>\n\t\t<\/section>\n\t\t\t\t<section class=\"elementor-section elementor-top-section elementor-element elementor-element-6d738321 elementor-section-boxed elementor-section-height-default elementor-section-height-default\" data-id=\"6d738321\" data-element_type=\"section\">\n\t\t\t\t\t\t<div class=\"elementor-container elementor-column-gap-default\">\n\t\t\t\t\t<div class=\"elementor-column elementor-col-100 elementor-top-column elementor-element elementor-element-48b61ec0\" data-id=\"48b61ec0\" data-element_type=\"column\">\n\t\t\t<div class=\"elementor-widget-wrap elementor-element-populated\">\n\t\t\t\t\t\t<div class=\"elementor-element elementor-element-5a37ace4 elementor-widget elementor-widget-heading\" data-id=\"5a37ace4\" data-element_type=\"widget\" data-widget_type=\"heading.default\">\n\t\t\t\t<div class=\"elementor-widget-container\">\n\t\t\t\t\t<h2 class=\"elementor-heading-title elementor-size-default\">Fale com um especialista dos planos Amil Empresarial<\/h2>\t\t\t\t<\/div>\n\t\t\t\t<\/div>\n\t\t\t\t<div class=\"elementor-element elementor-element-4330e376 elementor-widget elementor-widget-text-editor\" data-id=\"4330e376\" data-element_type=\"widget\" data-widget_type=\"text-editor.default\">\n\t\t\t\t<div class=\"elementor-widget-container\">\n\t\t\t\t\t\t\t\t\t<p>Entre em contato com nossa equipe de consultores corporativos e tire todas suas d\u00favidas sobre os planos de sa\u00fade Amil.<\/p>\t\t\t\t\t\t\t\t<\/div>\n\t\t\t\t<\/div>\n\t\t\t\t\t<\/div>\n\t\t<\/div>\n\t\t\t\t\t<\/div>\n\t\t<\/section>\n\t\t\t\t<section class=\"elementor-section elementor-top-section elementor-element elementor-element-1597d2e8 elementor-section-boxed elementor-section-height-default elementor-section-height-default\" data-id=\"1597d2e8\" data-element_type=\"section\">\n\t\t\t\t\t\t<div class=\"elementor-container elementor-column-gap-default\">\n\t\t\t\t\t<div class=\"elementor-column elementor-col-33 elementor-top-column elementor-element elementor-element-4d8186dc\" data-id=\"4d8186dc\" data-element_type=\"column\">\n\t\t\t<div class=\"elementor-widget-wrap elementor-element-populated\">\n\t\t\t\t\t\t<div class=\"elementor-element elementor-element-43e1cd45 elementor-widget elementor-widget-image\" data-id=\"43e1cd45\" data-element_type=\"widget\" data-widget_type=\"image.default\">\n\t\t\t\t<div class=\"elementor-widget-container\">\n\t\t\t\t\t\t\t\t\t\t\t\t\t\t\t<img decoding=\"async\" src=\"https:\/\/compareplanodesaude.com.br\/amil\/wp-content\/uploads\/sites\/5\/elementor\/thumbs\/1-1-phj0037dk27e7hx9e364x3hk63hn52kk81ivo9wkvm.jpg\" title=\"1-1.jpg\" alt=\"1-1.jpg\" loading=\"lazy\" \/>\t\t\t\t\t\t\t\t\t\t\t\t\t\t\t<\/div>\n\t\t\t\t<\/div>\n\t\t\t\t<div class=\"elementor-element elementor-element-3b16ab07 elementor-widget elementor-widget-heading\" data-id=\"3b16ab07\" data-element_type=\"widget\" data-widget_type=\"heading.default\">\n\t\t\t\t<div class=\"elementor-widget-container\">\n\t\t\t\t\t<h3 class=\"elementor-heading-title elementor-size-default\">Cota\u00e7\u00e3o Online com desconto de at\u00e9 30%<\/h3>\t\t\t\t<\/div>\n\t\t\t\t<\/div>\n\t\t\t\t<div class=\"elementor-element elementor-element-169e5213 elementor-widget elementor-widget-text-editor\" data-id=\"169e5213\" data-element_type=\"widget\" data-widget_type=\"text-editor.default\">\n\t\t\t\t<div class=\"elementor-widget-container\">\n\t\t\t\t\t\t\t\t\t<p>Atendimento completo por meio de e-mail e whatsapp<\/p>\t\t\t\t\t\t\t\t<\/div>\n\t\t\t\t<\/div>\n\t\t\t\t<div class=\"elementor-element elementor-element-7b90ba17 elementor-align-center elementor-widget elementor-widget-button\" data-id=\"7b90ba17\" data-element_type=\"widget\" data-widget_type=\"button.default\">\n\t\t\t\t<div class=\"elementor-widget-container\">\n\t\t\t\t\t\t\t\t\t<div class=\"elementor-button-wrapper\">\n\t\t\t\t\t<a class=\"elementor-button elementor-button-link elementor-size-sm\" href=\"\/amil\/cotacao-online\/\">\n\t\t\t\t\t\t<span class=\"elementor-button-content-wrapper\">\n\t\t\t\t\t\t\t\t\t<span class=\"elementor-button-text\">SAIBA MAIS<\/span>\n\t\t\t\t\t<\/span>\n\t\t\t\t\t<\/a>\n\t\t\t\t<\/div>\n\t\t\t\t\t\t\t\t<\/div>\n\t\t\t\t<\/div>\n\t\t\t\t\t<\/div>\n\t\t<\/div>\n\t\t\t\t<div class=\"elementor-column elementor-col-33 elementor-top-column elementor-element elementor-element-435b2910\" data-id=\"435b2910\" data-element_type=\"column\">\n\t\t\t<div class=\"elementor-widget-wrap elementor-element-populated\">\n\t\t\t\t\t\t<div class=\"elementor-element elementor-element-3e04e94f elementor-widget elementor-widget-image\" data-id=\"3e04e94f\" data-element_type=\"widget\" data-widget_type=\"image.default\">\n\t\t\t\t<div class=\"elementor-widget-container\">\n\t\t\t\t\t\t\t\t\t\t\t\t\t\t\t<img decoding=\"async\" src=\"https:\/\/compareplanodesaude.com.br\/amil\/wp-content\/uploads\/sites\/5\/elementor\/thumbs\/2-1-phj0037dk27e7hx9e364x3hk63hn52kk81ivo9wkvm.jpg\" title=\"2-1.jpg\" alt=\"2-1.jpg\" loading=\"lazy\" \/>\t\t\t\t\t\t\t\t\t\t\t\t\t\t\t<\/div>\n\t\t\t\t<\/div>\n\t\t\t\t<div class=\"elementor-element elementor-element-287772c6 elementor-widget elementor-widget-heading\" data-id=\"287772c6\" data-element_type=\"widget\" data-widget_type=\"heading.default\">\n\t\t\t\t<div class=\"elementor-widget-container\">\n\t\t\t\t\t<h3 class=\"elementor-heading-title elementor-size-default\">Promo\u00e7\u00f5es Amil Sa\u00fade<\/h3>\t\t\t\t<\/div>\n\t\t\t\t<\/div>\n\t\t\t\t<div class=\"elementor-element elementor-element-671563aa elementor-widget elementor-widget-text-editor\" data-id=\"671563aa\" data-element_type=\"widget\" data-widget_type=\"text-editor.default\">\n\t\t\t\t<div class=\"elementor-widget-container\">\n\t\t\t\t\t\t\t\t\t<p>Fa\u00e7a sua cota\u00e7\u00e3o com um consultor e aproveite nossos descontos<\/p>\t\t\t\t\t\t\t\t<\/div>\n\t\t\t\t<\/div>\n\t\t\t\t<div class=\"elementor-element elementor-element-7fccc761 elementor-align-center elementor-widget elementor-widget-button\" data-id=\"7fccc761\" data-element_type=\"widget\" data-widget_type=\"button.default\">\n\t\t\t\t<div class=\"elementor-widget-container\">\n\t\t\t\t\t\t\t\t\t<div class=\"elementor-button-wrapper\">\n\t\t\t\t\t<a class=\"elementor-button elementor-button-link elementor-size-sm\" href=\"\/amil\/cotacao-online\/\">\n\t\t\t\t\t\t<span class=\"elementor-button-content-wrapper\">\n\t\t\t\t\t\t\t\t\t<span class=\"elementor-button-text\">SAIBA MAIS<\/span>\n\t\t\t\t\t<\/span>\n\t\t\t\t\t<\/a>\n\t\t\t\t<\/div>\n\t\t\t\t\t\t\t\t<\/div>\n\t\t\t\t<\/div>\n\t\t\t\t\t<\/div>\n\t\t<\/div>\n\t\t\t\t<div class=\"elementor-column elementor-col-33 elementor-top-column elementor-element elementor-element-39bbf9c6\" data-id=\"39bbf9c6\" data-element_type=\"column\">\n\t\t\t<div class=\"elementor-widget-wrap elementor-element-populated\">\n\t\t\t\t\t\t<div class=\"elementor-element elementor-element-378af409 elementor-widget elementor-widget-image\" data-id=\"378af409\" data-element_type=\"widget\" data-widget_type=\"image.default\">\n\t\t\t\t<div class=\"elementor-widget-container\">\n\t\t\t\t\t\t\t\t\t\t\t\t\t\t\t<img decoding=\"async\" src=\"https:\/\/compareplanodesaude.com.br\/amil\/wp-content\/uploads\/sites\/5\/elementor\/thumbs\/3-1-phj0037dk27e7hx9e364x3hk63hn52kk81ivo9wkvm.jpg\" title=\"3.jpg\" alt=\"3.jpg\" loading=\"lazy\" \/>\t\t\t\t\t\t\t\t\t\t\t\t\t\t\t<\/div>\n\t\t\t\t<\/div>\n\t\t\t\t<div class=\"elementor-element elementor-element-2dd3c4bb elementor-widget elementor-widget-heading\" data-id=\"2dd3c4bb\" data-element_type=\"widget\" data-widget_type=\"heading.default\">\n\t\t\t\t<div class=\"elementor-widget-container\">\n\t\t\t\t\t<h3 class=\"elementor-heading-title elementor-size-default\">Fale com um  especialista<\/h3>\t\t\t\t<\/div>\n\t\t\t\t<\/div>\n\t\t\t\t<div class=\"elementor-element elementor-element-122bb9bd elementor-widget elementor-widget-text-editor\" data-id=\"122bb9bd\" data-element_type=\"widget\" data-widget_type=\"text-editor.default\">\n\t\t\t\t<div class=\"elementor-widget-container\">\n\t\t\t\t\t\t\t\t\t<p>Agende um hor\u00e1rio de sua prefer\u00eancia.<\/p>\t\t\t\t\t\t\t\t<\/div>\n\t\t\t\t<\/div>\n\t\t\t\t<div class=\"elementor-element elementor-element-3ee6a068 elementor-align-center elementor-widget elementor-widget-button\" data-id=\"3ee6a068\" data-element_type=\"widget\" data-widget_type=\"button.default\">\n\t\t\t\t<div class=\"elementor-widget-container\">\n\t\t\t\t\t\t\t\t\t<div class=\"elementor-button-wrapper\">\n\t\t\t\t\t<a class=\"elementor-button elementor-button-link elementor-size-sm\" href=\"\/amil\/contato\/\">\n\t\t\t\t\t\t<span class=\"elementor-button-content-wrapper\">\n\t\t\t\t\t\t\t\t\t<span class=\"elementor-button-text\">SAIBA MAIS<\/span>\n\t\t\t\t\t<\/span>\n\t\t\t\t\t<\/a>\n\t\t\t\t<\/div>\n\t\t\t\t\t\t\t\t<\/div>\n\t\t\t\t<\/div>\n\t\t\t\t\t<\/div>\n\t\t<\/div>\n\t\t\t\t\t<\/div>\n\t\t<\/section>\n\t\t\t\t<section class=\"elementor-section elementor-top-section elementor-element elementor-element-10e463ab elementor-section-boxed elementor-section-height-default elementor-section-height-default\" data-id=\"10e463ab\" data-element_type=\"section\" data-settings=\"{&quot;background_background&quot;:&quot;classic&quot;}\">\n\t\t\t\t\t\t\t<div class=\"elementor-background-overlay\"><\/div>\n\t\t\t\t\t\t\t<div class=\"elementor-container elementor-column-gap-default\">\n\t\t\t\t\t<div class=\"elementor-column elementor-col-33 elementor-top-column elementor-element elementor-element-77cba1f5\" data-id=\"77cba1f5\" data-element_type=\"column\">\n\t\t\t<div class=\"elementor-widget-wrap elementor-element-populated\">\n\t\t\t\t\t\t<div class=\"elementor-element elementor-element-356048bf elementor-widget elementor-widget-heading\" data-id=\"356048bf\" data-element_type=\"widget\" data-widget_type=\"heading.default\">\n\t\t\t\t<div class=\"elementor-widget-container\">\n\t\t\t\t\t<h2 class=\"elementor-heading-title elementor-size-default\">FALE COM UM CORRETOR<\/h2>\t\t\t\t<\/div>\n\t\t\t\t<\/div>\n\t\t\t\t<div class=\"elementor-element elementor-element-5b23288d elementor-widget elementor-widget-text-editor\" data-id=\"5b23288d\" data-element_type=\"widget\" data-widget_type=\"text-editor.default\">\n\t\t\t\t<div class=\"elementor-widget-container\">\n\t\t\t\t\t\t\t\t\t<p>A forma mais segura de contratar um plano de sa\u00fade empresarial e individual, \u00e9 entrando<br \/>em contato com um de nossos corretores especialistas para<br \/>sanar todas as d\u00favidas e desejos.<\/p>\t\t\t\t\t\t\t\t<\/div>\n\t\t\t\t<\/div>\n\t\t\t\t<div class=\"elementor-element elementor-element-7d9171ce elementor-widget elementor-widget-text-editor\" data-id=\"7d9171ce\" data-element_type=\"widget\" data-widget_type=\"text-editor.default\">\n\t\t\t\t<div class=\"elementor-widget-container\">\n\t\t\t\t\t\t\t\t\t<div class=\"messageAttachment-1aDidq\"><a class=\"anchor-3Z-8Bb anchorUnderlineOnHover-2ESHQB imageWrapper-2p5ogY imageZoom-1n-ADA clickable-3Ya1ho embedWrapper-lXpS3L\" tabindex=\"0\" title=\"Imagem\" role=\"button\" href=\"https:\/\/compareplanodesaude.com.br\/amil\/wp-content\/uploads\/sites\/5\/2022\/05\/Agrupar-548.png\" target=\"_blank\" rel=\"noreferrer noopener\"><img decoding=\"async\" src=\"https:\/\/compareplanodesaude.com.br\/amil\/wp-content\/uploads\/sites\/5\/2022\/05\/Agrupar-548.png\" alt=\"Imagem\" \/> \u00a0<\/a><a class=\"anchor-3Z-8Bb anchorUnderlineOnHover-2ESHQB imageWrapper-2p5ogY imageZoom-1n-ADA clickable-3Ya1ho embedWrapper-lXpS3L\" tabindex=\"0\" title=\"Imagem\" role=\"button\" href=\"https:\/\/compareplanodesaude.com.br\/amil\/wp-content\/uploads\/sites\/5\/2022\/05\/Agrupar-549.png\" target=\"_blank\" rel=\"noreferrer noopener\"><img decoding=\"async\" src=\"https:\/\/compareplanodesaude.com.br\/amil\/wp-content\/uploads\/sites\/5\/2022\/05\/Agrupar-549.png\" alt=\"Imagem\" \/> \u00a0<\/a><a class=\"anchor-3Z-8Bb anchorUnderlineOnHover-2ESHQB imageWrapper-2p5ogY imageZoom-1n-ADA clickable-3Ya1ho embedWrapper-lXpS3L\" tabindex=\"0\" title=\"Imagem\" role=\"button\" href=\"https:\/\/compareplanodesaude.com.br\/amil\/wp-content\/uploads\/sites\/5\/2022\/05\/Agrupar-550.png\" target=\"_blank\" rel=\"noreferrer noopener\"><img decoding=\"async\" src=\"https:\/\/compareplanodesaude.com.br\/amil\/wp-content\/uploads\/sites\/5\/2022\/05\/Agrupar-550.png\" alt=\"Imagem\" \/><\/a><\/div>\t\t\t\t\t\t\t\t<\/div>\n\t\t\t\t<\/div>\n\t\t\t\t\t<\/div>\n\t\t<\/div>\n\t\t\t\t<div class=\"elementor-column elementor-col-66 elementor-top-column elementor-element elementor-element-70ef9c57\" data-id=\"70ef9c57\" data-element_type=\"column\">\n\t\t\t<div class=\"elementor-widget-wrap\">\n\t\t\t\t\t\t\t<\/div>\n\t\t<\/div>\n\t\t\t\t\t<\/div>\n\t\t<\/section>\n\t\t\t\t<\/div>\n\t\t","protected":false},"excerpt":{"rendered":"<p>Amil S450: O custo-benef\u00edcio que a sua empresa buscava Neste post, voc\u00ea conhecer\u00e1 tudo sobre o plano Amil S450, desde seus benef\u00edcios, coberturas, car\u00eancias, pre\u00e7os e demais informa\u00e7\u00f5es importantes. Ao final do texto, voc\u00ea tamb\u00e9m descobrir\u00e1 como economizar no seu plano! O plano de sa\u00fade Amil S450 \u00e9 um dos produtos com melhor custo-benef\u00edcio da [&hellip;]<\/p>\n","protected":false},"author":1,"featured_media":70127,"parent":0,"menu_order":0,"comment_status":"closed","ping_status":"closed","template":"","meta":{"footnotes":""},"tags":[],"class_list":["post-68180","page","type-page","status-publish","has-post-thumbnail","hentry"],"yoast_head":"<!-- This site is optimized with the Yoast SEO plugin v26.3 - https:\/\/yoast.com\/wordpress\/plugins\/seo\/ -->\n<title>Plano Amil S450 - Com at\u00e9 50% de Desconto | Compare<\/title>\n<meta name=\"description\" content=\"Conhe\u00e7a o Plano Amil S450: com pre\u00e7os a partir de R$246,70 mensais. Contrate o Amil S450 com a Compare e garanta um desconto de at\u00e9 50% no seu primeiro m\u00eas!\" \/>\n<meta name=\"robots\" content=\"index, follow, max-snippet:-1, max-image-preview:large, max-video-preview:-1\" \/>\n<link rel=\"canonical\" href=\"https:\/\/compareplanodesaude.com.br\/amil\/amil-s450\/\" \/>\n<meta property=\"og:locale\" content=\"pt_BR\" \/>\n<meta property=\"og:type\" content=\"article\" \/>\n<meta property=\"og:title\" content=\"Plano Amil S450 - Com at\u00e9 50% de Desconto | Compare\" \/>\n<meta property=\"og:description\" content=\"Conhe\u00e7a o Plano Amil S450: com pre\u00e7os a partir de R$246,70 mensais. Contrate o Amil S450 com a Compare e garanta um desconto de at\u00e9 50% no seu primeiro m\u00eas!\" \/>\n<meta property=\"og:url\" content=\"https:\/\/compareplanodesaude.com.br\/amil\/amil-s450\/\" \/>\n<meta property=\"og:site_name\" content=\"Planos de Sa\u00fade Amil | Descontos de at\u00e9 30%\" \/>\n<meta property=\"article:modified_time\" content=\"2023-03-16T19:40:22+00:00\" \/>\n<meta property=\"og:image\" content=\"https:\/\/compareplanodesaude.com.br\/amil\/wp-content\/uploads\/sites\/5\/2020\/08\/amil-logotipo.jpg\" \/>\n\t<meta property=\"og:image:width\" content=\"600\" \/>\n\t<meta property=\"og:image:height\" content=\"350\" \/>\n\t<meta property=\"og:image:type\" content=\"image\/jpeg\" \/>\n<meta name=\"twitter:card\" content=\"summary_large_image\" \/>\n<meta name=\"twitter:label1\" content=\"Est. tempo de leitura\" \/>\n\t<meta name=\"twitter:data1\" content=\"19 minutos\" \/>\n<script type=\"application\/ld+json\" class=\"yoast-schema-graph\">{\"@context\":\"https:\/\/schema.org\",\"@graph\":[{\"@type\":\"WebPage\",\"@id\":\"https:\/\/compareplanodesaude.com.br\/amil\/amil-s450\/\",\"url\":\"https:\/\/compareplanodesaude.com.br\/amil\/amil-s450\/\",\"name\":\"Plano Amil S450 - Com at\u00e9 50% de Desconto | Compare\",\"isPartOf\":{\"@id\":\"https:\/\/compareplanodesaude.com.br\/amil\/#website\"},\"primaryImageOfPage\":{\"@id\":\"https:\/\/compareplanodesaude.com.br\/amil\/amil-s450\/#primaryimage\"},\"image\":{\"@id\":\"https:\/\/compareplanodesaude.com.br\/amil\/amil-s450\/#primaryimage\"},\"thumbnailUrl\":\"https:\/\/compareplanodesaude.com.br\/amil\/wp-content\/uploads\/sites\/5\/2020\/08\/amil-logotipo.jpg\",\"datePublished\":\"2020-01-20T12:40:12+00:00\",\"dateModified\":\"2023-03-16T19:40:22+00:00\",\"description\":\"Conhe\u00e7a o Plano Amil S450: com pre\u00e7os a partir de R$246,70 mensais. Contrate o Amil S450 com a Compare e garanta um desconto de at\u00e9 50% no seu primeiro m\u00eas!\",\"inLanguage\":\"pt-BR\",\"potentialAction\":[{\"@type\":\"ReadAction\",\"target\":[\"https:\/\/compareplanodesaude.com.br\/amil\/amil-s450\/\"]}]},{\"@type\":\"ImageObject\",\"inLanguage\":\"pt-BR\",\"@id\":\"https:\/\/compareplanodesaude.com.br\/amil\/amil-s450\/#primaryimage\",\"url\":\"https:\/\/compareplanodesaude.com.br\/amil\/wp-content\/uploads\/sites\/5\/2020\/08\/amil-logotipo.jpg\",\"contentUrl\":\"https:\/\/compareplanodesaude.com.br\/amil\/wp-content\/uploads\/sites\/5\/2020\/08\/amil-logotipo.jpg\",\"width\":600,\"height\":350,\"caption\":\"amil-logotipo\"},{\"@type\":\"WebSite\",\"@id\":\"https:\/\/compareplanodesaude.com.br\/amil\/#website\",\"url\":\"https:\/\/compareplanodesaude.com.br\/amil\/\",\"name\":\"Planos de Sa\u00fade Amil | Descontos de at\u00e9 30%\",\"description\":\"Amil Sa\u00fade\",\"potentialAction\":[{\"@type\":\"SearchAction\",\"target\":{\"@type\":\"EntryPoint\",\"urlTemplate\":\"https:\/\/compareplanodesaude.com.br\/amil\/?s={search_term_string}\"},\"query-input\":{\"@type\":\"PropertyValueSpecification\",\"valueRequired\":true,\"valueName\":\"search_term_string\"}}],\"inLanguage\":\"pt-BR\"}]}<\/script>\n<!-- \/ Yoast SEO plugin. -->","yoast_head_json":{"title":"Plano Amil S450 - Com at\u00e9 50% de Desconto | Compare","description":"Conhe\u00e7a o Plano Amil S450: com pre\u00e7os a partir de R$246,70 mensais. Contrate o Amil S450 com a Compare e garanta um desconto de at\u00e9 50% no seu primeiro m\u00eas!","robots":{"index":"index","follow":"follow","max-snippet":"max-snippet:-1","max-image-preview":"max-image-preview:large","max-video-preview":"max-video-preview:-1"},"canonical":"https:\/\/compareplanodesaude.com.br\/amil\/amil-s450\/","og_locale":"pt_BR","og_type":"article","og_title":"Plano Amil S450 - Com at\u00e9 50% de Desconto | Compare","og_description":"Conhe\u00e7a o Plano Amil S450: com pre\u00e7os a partir de R$246,70 mensais. Contrate o Amil S450 com a Compare e garanta um desconto de at\u00e9 50% no seu primeiro m\u00eas!","og_url":"https:\/\/compareplanodesaude.com.br\/amil\/amil-s450\/","og_site_name":"Planos de Sa\u00fade Amil | Descontos de at\u00e9 30%","article_modified_time":"2023-03-16T19:40:22+00:00","og_image":[{"width":600,"height":350,"url":"https:\/\/compareplanodesaude.com.br\/amil\/wp-content\/uploads\/sites\/5\/2020\/08\/amil-logotipo.jpg","type":"image\/jpeg"}],"twitter_card":"summary_large_image","twitter_misc":{"Est. tempo de leitura":"19 minutos"},"schema":{"@context":"https:\/\/schema.org","@graph":[{"@type":"WebPage","@id":"https:\/\/compareplanodesaude.com.br\/amil\/amil-s450\/","url":"https:\/\/compareplanodesaude.com.br\/amil\/amil-s450\/","name":"Plano Amil S450 - Com at\u00e9 50% de Desconto | Compare","isPartOf":{"@id":"https:\/\/compareplanodesaude.com.br\/amil\/#website"},"primaryImageOfPage":{"@id":"https:\/\/compareplanodesaude.com.br\/amil\/amil-s450\/#primaryimage"},"image":{"@id":"https:\/\/compareplanodesaude.com.br\/amil\/amil-s450\/#primaryimage"},"thumbnailUrl":"https:\/\/compareplanodesaude.com.br\/amil\/wp-content\/uploads\/sites\/5\/2020\/08\/amil-logotipo.jpg","datePublished":"2020-01-20T12:40:12+00:00","dateModified":"2023-03-16T19:40:22+00:00","description":"Conhe\u00e7a o Plano Amil S450: com pre\u00e7os a partir de R$246,70 mensais. Contrate o Amil S450 com a Compare e garanta um desconto de at\u00e9 50% no seu primeiro m\u00eas!","inLanguage":"pt-BR","potentialAction":[{"@type":"ReadAction","target":["https:\/\/compareplanodesaude.com.br\/amil\/amil-s450\/"]}]},{"@type":"ImageObject","inLanguage":"pt-BR","@id":"https:\/\/compareplanodesaude.com.br\/amil\/amil-s450\/#primaryimage","url":"https:\/\/compareplanodesaude.com.br\/amil\/wp-content\/uploads\/sites\/5\/2020\/08\/amil-logotipo.jpg","contentUrl":"https:\/\/compareplanodesaude.com.br\/amil\/wp-content\/uploads\/sites\/5\/2020\/08\/amil-logotipo.jpg","width":600,"height":350,"caption":"amil-logotipo"},{"@type":"WebSite","@id":"https:\/\/compareplanodesaude.com.br\/amil\/#website","url":"https:\/\/compareplanodesaude.com.br\/amil\/","name":"Planos de Sa\u00fade Amil | Descontos de at\u00e9 30%","description":"Amil Sa\u00fade","potentialAction":[{"@type":"SearchAction","target":{"@type":"EntryPoint","urlTemplate":"https:\/\/compareplanodesaude.com.br\/amil\/?s={search_term_string}"},"query-input":{"@type":"PropertyValueSpecification","valueRequired":true,"valueName":"search_term_string"}}],"inLanguage":"pt-BR"}]}},"_links":{"self":[{"href":"https:\/\/compareplanodesaude.com.br\/amil\/wp-json\/wp\/v2\/pages\/68180","targetHints":{"allow":["GET"]}}],"collection":[{"href":"https:\/\/compareplanodesaude.com.br\/amil\/wp-json\/wp\/v2\/pages"}],"about":[{"href":"https:\/\/compareplanodesaude.com.br\/amil\/wp-json\/wp\/v2\/types\/page"}],"author":[{"embeddable":true,"href":"https:\/\/compareplanodesaude.com.br\/amil\/wp-json\/wp\/v2\/users\/1"}],"replies":[{"embeddable":true,"href":"https:\/\/compareplanodesaude.com.br\/amil\/wp-json\/wp\/v2\/comments?post=68180"}],"version-history":[{"count":7,"href":"https:\/\/compareplanodesaude.com.br\/amil\/wp-json\/wp\/v2\/pages\/68180\/revisions"}],"predecessor-version":[{"id":238428,"href":"https:\/\/compareplanodesaude.com.br\/amil\/wp-json\/wp\/v2\/pages\/68180\/revisions\/238428"}],"wp:featuredmedia":[{"embeddable":true,"href":"https:\/\/compareplanodesaude.com.br\/amil\/wp-json\/wp\/v2\/media\/70127"}],"wp:attachment":[{"href":"https:\/\/compareplanodesaude.com.br\/amil\/wp-json\/wp\/v2\/media?parent=68180"}],"wp:term":[{"taxonomy":"post_tag","embeddable":true,"href":"https:\/\/compareplanodesaude.com.br\/amil\/wp-json\/wp\/v2\/tags?post=68180"}],"curies":[{"name":"wp","href":"https:\/\/api.w.org\/{rel}","templated":true}]}}